{"id":100,"date":"2022-09-12T09:38:36","date_gmt":"2022-09-12T09:38:36","guid":{"rendered":"https:\/\/mojedec.org\/index.php\/front-page\/"},"modified":"2024-09-22T21:32:28","modified_gmt":"2024-09-22T20:32:28","slug":"front-page","status":"publish","type":"page","link":"https:\/\/mojedec.org\/","title":{"rendered":"Accueil"},"content":{"rendered":"<p>[vc_row full_width=\u00a0\u00bbstretch_row\u00a0\u00bb css=\u00a0\u00bb.vc_custom_1576849823951{margin-top: -30px !important;background-color: rgba(0,0,0,0.05) !important;*background-color: rgb(0,0,0) !important;}\u00a0\u00bb][vc_column]<div class=\"ak-block ak-block-grid ak-block-grid-3  ak-block-width-1 clearfix tg-gradient tg-focus \" id=\"block_69f348554373a_1\"><style scoped>#block_69f348554373a_1 .ak-block-posts{ margin: -30px 0 0 -30px; }#block_69f348554373a_1 .ak-block-posts .ak-module-grid{ padding:30px 0 0 30px; }<\/style><div class=\"ak-block-inner clearfix\"><div class=\"ak-block-posts clearfix\">\t\t<article class=\"ak-module ak-module-grid ak-module-grid-big post-144 post type-post status-publish format-video has-post-thumbnail  category-activite post_format-post-format-video ak-block-item-1 clearfix\">\n\t\t\t<div class=\"ak-module-inner clearfix\">\n\t\t\t\t<div class=\"ak-module-grid-wrap\">\n\t\t\t\t\t<div class=\"ak-module-featured\">\n\t\t\t\t\t\t\t\t\t\t\t\t\t\t\t<span class=\"ak-module-format-icon format-video\"><i class=\"ak-icon fa fa-play\"><\/i><\/span><div class=\"ak-featured-cover\"><a href=\"https:\/\/mojedec.org\/index.php\/2022\/11\/26\/role-des-jeunes-dans-la-promotion-de-la-paix-et-de-la-cohesion-sociale\/\" class=\"ak-featured-link\" rel=\"bookmark\" title=\"Role des jeunes dans la promotion de la paix et de la coh\u00e9sion sociale\"><div class=\"ak-featured-thumb lazy-thumb background-thumb  size-715\">\n                        <div class=\"lazyload\" title=\"Role des jeunes dans la promotion de la paix et de la coh\u00e9sion sociale\" data-bgset=\"https:\/\/mojedec.org\/wp-content\/uploads\/2022\/11\/311368755_5851398138206581_1157738569118420563_n-750x536.jpg 800w\" ><\/div>\n                      <\/div><\/a><\/div>\t\t\t\t\t<\/div>\n\t\t\t\t\t<div class=\"ak-module-details\">\n\t\t\t\t\t\t<div class=\"ak-module-terms inline_badge\"><a class=\"term-4\" href=\"https:\/\/mojedec.org\/index.php\/category\/activite\/\">Activit\u00e9s<\/a><\/div>\t\t\t\t\t\t<h3 class=\"ak-module-title\"><a href=\"https:\/\/mojedec.org\/index.php\/2022\/11\/26\/role-des-jeunes-dans-la-promotion-de-la-paix-et-de-la-cohesion-sociale\/\" rel=\"bookmark\" title=\"Role des jeunes dans la promotion de la paix et de la coh\u00e9sion sociale\">Role des jeunes dans la promotion de la paix et de la coh\u00e9sion sociale<\/a><\/h3>\t\t\t\t\t\t<div class=\"ak-module-meta\"><div class=\"ak-module-time\"><a href=\"https:\/\/mojedec.org\/index.php\/2022\/11\/26\/role-des-jeunes-dans-la-promotion-de-la-paix-et-de-la-cohesion-sociale\/\" class=\"ak-module-meta-published\"><i class=\"ak-icon akfi-schedule\"><\/i>il y a 3 ans<\/a><\/div> <div class=\"ak-module-view-count\"><span style=\"color:#edaa02\"><i class=\"ak-icon  ak-fi akfi-fire\"><\/i><span class=\"count\">558<\/span><\/span><\/div><\/div>\t\t\t\t\t<\/div>\n\t\t\t\t<\/div>\n\t\t\t<\/div>\n\t\t<\/article>\n\t\t\t\t<article class=\"ak-module ak-module-grid ak-module-grid-small post-140 post type-post status-publish format-video has-post-thumbnail  category-activite post_format-post-format-video ak-block-item-2 clearfix\">\n\t\t\t<div class=\"ak-module-inner clearfix\">\n\t\t\t\t<div class=\"ak-module-grid-wrap\">\n\t\t\t\t\t<div class=\"ak-module-featured\">\n\t\t\t\t\t\t\t\t\t\t\t\t\t\t\t<span class=\"ak-module-format-icon format-video\"><i class=\"ak-icon fa fa-play\"><\/i><\/span><div class=\"ak-featured-cover\"><a href=\"https:\/\/mojedec.org\/index.php\/2022\/11\/26\/programme-de-prevention-de-lextremisme-violant-et-le-promotion-de-la-resilience-communautaire\/\" class=\"ak-featured-link\" rel=\"bookmark\" title=\"Programme de pr\u00e9vention de l&rsquo;extr\u00e9misme violant et le promotion de la r\u00e9silience communautaire\"><div class=\"ak-featured-thumb lazy-thumb background-thumb  size-715\">\n                        <div class=\"lazyload\" title=\"Programme de pr\u00e9vention de l&rsquo;extr\u00e9misme violant et le promotion de la r\u00e9silience communautaire\" data-bgset=\"https:\/\/mojedec.org\/wp-content\/uploads\/2022\/11\/programme-de-prevention-de-lextremisme-violant-et-le-promotion-de-la-resilience-communautaire-350x250.jpg 800w\" ><\/div>\n                      <\/div><\/a><\/div>\t\t\t\t\t<\/div>\n\t\t\t\t\t<div class=\"ak-module-details\">\n\t\t\t\t\t\t<div class=\"ak-module-terms inline_badge\"><a class=\"term-4\" href=\"https:\/\/mojedec.org\/index.php\/category\/activite\/\">Activit\u00e9s<\/a><\/div>\n\t\t\t\t\t\t<h3 class=\"ak-module-title\"><a href=\"https:\/\/mojedec.org\/index.php\/2022\/11\/26\/programme-de-prevention-de-lextremisme-violant-et-le-promotion-de-la-resilience-communautaire\/\" rel=\"bookmark\" title=\"Programme de pr\u00e9vention de l&rsquo;extr\u00e9misme violant et le promotion de la r\u00e9silience communautaire\">Programme de pr\u00e9vention de l&rsquo;extr\u00e9misme violant&hellip;<\/a><\/h3>\n\t\t\t\t\t\t<div class=\"ak-module-meta\"><div class=\"ak-module-time\"><a href=\"https:\/\/mojedec.org\/index.php\/2022\/11\/26\/programme-de-prevention-de-lextremisme-violant-et-le-promotion-de-la-resilience-communautaire\/\" class=\"ak-module-meta-published\"><i class=\"ak-icon akfi-schedule\"><\/i>il y a 3 ans<\/a><\/div> <div class=\"ak-module-view-count\"><i class=\"ak-icon  fa fa-eye\"><\/i><span class=\"count\">179<\/span><\/div><\/div>\t\t\t\t\t<\/div>\n\t\t\t\t<\/div>\n\t\t\t<\/div>\n\t\t<\/article>\n\t\t\t\t<article class=\"ak-module ak-module-grid ak-module-grid-small post-147 post type-post status-publish format-video has-post-thumbnail  category-activite category-meeting post_format-post-format-video ak-block-item-3 clearfix\">\n\t\t\t<div class=\"ak-module-inner clearfix\">\n\t\t\t\t<div class=\"ak-module-grid-wrap\">\n\t\t\t\t\t<div class=\"ak-module-featured\">\n\t\t\t\t\t\t\t\t\t\t\t\t\t\t\t<span class=\"ak-module-format-icon format-video\"><i class=\"ak-icon fa fa-play\"><\/i><\/span><div class=\"ak-featured-cover\"><a href=\"https:\/\/mojedec.org\/index.php\/2022\/11\/26\/trcr-tribune-de-recevabilite-et-de-citoyennete-responsable\/\" class=\"ak-featured-link\" rel=\"bookmark\" title=\"TRCR tribune de recevabilit\u00e9 et de citoyennet\u00e9 responsable.\"><div class=\"ak-featured-thumb lazy-thumb background-thumb  size-715\">\n                        <div class=\"lazyload\" title=\"TRCR tribune de recevabilit\u00e9 et de citoyennet\u00e9 responsable.\" data-bgset=\"https:\/\/mojedec.org\/wp-content\/uploads\/2022\/11\/trcr-tribune-de-recevabilite-et-de-citoyennete-responsable-350x250.jpg 800w\" ><\/div>\n                      <\/div><\/a><\/div>\t\t\t\t\t<\/div>\n\t\t\t\t\t<div class=\"ak-module-details\">\n\t\t\t\t\t\t<div class=\"ak-module-terms inline_badge\"><a class=\"term-4\" href=\"https:\/\/mojedec.org\/index.php\/category\/activite\/\">Activit\u00e9s<\/a><\/div>\n\t\t\t\t\t\t<h3 class=\"ak-module-title\"><a href=\"https:\/\/mojedec.org\/index.php\/2022\/11\/26\/trcr-tribune-de-recevabilite-et-de-citoyennete-responsable\/\" rel=\"bookmark\" title=\"TRCR tribune de recevabilit\u00e9 et de citoyennet\u00e9 responsable.\">TRCR tribune de recevabilit\u00e9 et de citoyennet\u00e9&hellip;<\/a><\/h3>\n\t\t\t\t\t\t<div class=\"ak-module-meta\"><div class=\"ak-module-time\"><a href=\"https:\/\/mojedec.org\/index.php\/2022\/11\/26\/trcr-tribune-de-recevabilite-et-de-citoyennete-responsable\/\" class=\"ak-module-meta-published\"><i class=\"ak-icon akfi-schedule\"><\/i>il y a 3 ans<\/a><\/div> <div class=\"ak-module-view-count\"><i class=\"ak-icon  fa fa-eye\"><\/i><span class=\"count\">193<\/span><\/div><\/div>\t\t\t\t\t<\/div>\n\t\t\t\t<\/div>\n\t\t\t<\/div>\n\t\t<\/article>\n\t\t\t\t<article class=\"ak-module ak-module-grid ak-module-grid-small post-150 post type-post status-publish format-video has-post-thumbnail  category-activite category-meeting post_format-post-format-video ak-block-item-4 clearfix\">\n\t\t\t<div class=\"ak-module-inner clearfix\">\n\t\t\t\t<div class=\"ak-module-grid-wrap\">\n\t\t\t\t\t<div class=\"ak-module-featured\">\n\t\t\t\t\t\t\t\t\t\t\t\t\t\t\t<span class=\"ak-module-format-icon format-video\"><i class=\"ak-icon fa fa-play\"><\/i><\/span><div class=\"ak-featured-cover\"><a href=\"https:\/\/mojedec.org\/index.php\/2022\/11\/26\/lancement-du-programme-de-prevention-de-lextremisme-violant\/\" class=\"ak-featured-link\" rel=\"bookmark\" title=\"Lancement du programme de prevention de l&rsquo;extr\u00e9misme violant\"><div class=\"ak-featured-thumb lazy-thumb background-thumb  size-715\">\n                        <div class=\"lazyload\" title=\"Lancement du programme de prevention de l&rsquo;extr\u00e9misme violant\" data-bgset=\"https:\/\/mojedec.org\/wp-content\/uploads\/2022\/11\/lancement-du-programme-de-prevention-de-lextremisme-violant-350x250.jpg 800w\" ><\/div>\n                      <\/div><\/a><\/div>\t\t\t\t\t<\/div>\n\t\t\t\t\t<div class=\"ak-module-details\">\n\t\t\t\t\t\t<div class=\"ak-module-terms inline_badge\"><a class=\"term-6\" href=\"https:\/\/mojedec.org\/index.php\/category\/meeting\/\">Meeting<\/a><\/div>\n\t\t\t\t\t\t<h3 class=\"ak-module-title\"><a href=\"https:\/\/mojedec.org\/index.php\/2022\/11\/26\/lancement-du-programme-de-prevention-de-lextremisme-violant\/\" rel=\"bookmark\" title=\"Lancement du programme de prevention de l&rsquo;extr\u00e9misme violant\">Lancement du programme de prevention de&hellip;<\/a><\/h3>\n\t\t\t\t\t\t<div class=\"ak-module-meta\"><div class=\"ak-module-time\"><a href=\"https:\/\/mojedec.org\/index.php\/2022\/11\/26\/lancement-du-programme-de-prevention-de-lextremisme-violant\/\" class=\"ak-module-meta-published\"><i class=\"ak-icon akfi-schedule\"><\/i>il y a 3 ans<\/a><\/div><div class=\"ak-module-comments\"><a href=\"https:\/\/mojedec.org\/index.php\/2022\/11\/26\/lancement-du-programme-de-prevention-de-lextremisme-violant\/#comments\" class=\"link\"><i class=\"ak-icon fa fa-comment-o\"><\/i><span class=\"post-comments-count\">1<\/span><\/a><\/div> <div class=\"ak-module-view-count\"><i class=\"ak-icon  fa fa-eye\"><\/i><span class=\"count\">184<\/span><\/div><div class=\"ak-module-voting-count\"><i class=\"ak-icon akfi-import_export\"><\/i><span class=\"count\">1<\/span><\/div><\/div>\t\t\t\t\t<\/div>\n\t\t\t\t<\/div>\n\t\t\t<\/div>\n\t\t<\/article>\n\t\t\t\t<article class=\"ak-module ak-module-grid ak-module-grid-small post-153 post type-post status-publish format-video has-post-thumbnail  category-activite category-meeting post_format-post-format-video ak-block-item-5 clearfix\">\n\t\t\t<div class=\"ak-module-inner clearfix\">\n\t\t\t\t<div class=\"ak-module-grid-wrap\">\n\t\t\t\t\t<div class=\"ak-module-featured\">\n\t\t\t\t\t\t\t\t\t\t\t\t\t\t\t<span class=\"ak-module-format-icon format-video\"><i class=\"ak-icon fa fa-play\"><\/i><\/span><div class=\"ak-featured-cover\"><a href=\"https:\/\/mojedec.org\/index.php\/2022\/11\/26\/les-trois-leviers-pour-le-renforcement-au-niveau-des-couches-vulnerable\/\" class=\"ak-featured-link\" rel=\"bookmark\" title=\"les trois leviers pour le renforcement au niveau des couches vulnerable\"><div class=\"ak-featured-thumb lazy-thumb background-thumb  size-715\">\n                        <div class=\"lazyload\" title=\"les trois leviers pour le renforcement au niveau des couches vulnerable\" data-bgset=\"https:\/\/mojedec.org\/wp-content\/uploads\/2022\/11\/les-trois-leviers-pour-le-renforcement-au-niveau-des-couches-vulnerable-350x250.jpg 800w\" ><\/div>\n                      <\/div><\/a><\/div>\t\t\t\t\t<\/div>\n\t\t\t\t\t<div class=\"ak-module-details\">\n\t\t\t\t\t\t<div class=\"ak-module-terms inline_badge\"><a class=\"term-6\" href=\"https:\/\/mojedec.org\/index.php\/category\/meeting\/\">Meeting<\/a><\/div>\n\t\t\t\t\t\t<h3 class=\"ak-module-title\"><a href=\"https:\/\/mojedec.org\/index.php\/2022\/11\/26\/les-trois-leviers-pour-le-renforcement-au-niveau-des-couches-vulnerable\/\" rel=\"bookmark\" title=\"les trois leviers pour le renforcement au niveau des couches vulnerable\">les trois leviers pour le renforcement au niveau des&hellip;<\/a><\/h3>\n\t\t\t\t\t\t<div class=\"ak-module-meta\"><div class=\"ak-module-time\"><a href=\"https:\/\/mojedec.org\/index.php\/2022\/11\/26\/les-trois-leviers-pour-le-renforcement-au-niveau-des-couches-vulnerable\/\" class=\"ak-module-meta-published\"><i class=\"ak-icon akfi-schedule\"><\/i>il y a 3 ans<\/a><\/div> <div class=\"ak-module-view-count\"><i class=\"ak-icon  fa fa-eye\"><\/i><span class=\"count\">180<\/span><\/div><\/div>\t\t\t\t\t<\/div>\n\t\t\t\t<\/div>\n\t\t\t<\/div>\n\t\t<\/article>\n\t\t<\/div><\/div><\/div>[vc_single_image image=\u00a0\u00bb907&Prime; img_size=\u00a0\u00bbfull\u00a0\u00bb alignment=\u00a0\u00bbcenter\u00a0\u00bb onclick=\u00a0\u00bbcustom_link\u00a0\u00bb img_link_target=\u00a0\u00bb_blank\u00a0\u00bb title=\u00a0\u00bbPublicit\u00e9\u00a0\u00bb link=\u00a0\u00bbhttps:\/\/nigerannonce.com\/\u00a0\u00bb][\/vc_column][\/vc_row][vc_row full_width=\u00a0\u00bbstretch_row\u00a0\u00bb css=\u00a0\u00bb.vc_custom_1562074348580{padding-top: 10px !important;padding-bottom: 10px !important;}\u00a0\u00bb][vc_column]<div class=\"ak-block ak-block-list-3 ak-block-column ak-block-width-4 clearfix \" id=\"block_69f348554373a_2\"><div class=\"ak-block-header ak-block-header-style-11 no-tabs\"><h4 class=\"ak-block-title\"><span class=\"title-text\"><span>Nos activit\u00e9s<\/span><\/span><\/h4><\/div><div class=\"ak-block-inner clearfix\"><div class=\"ak-block-posts clearfix\">\t\t<article class=\"ak-module ak-module-3 ak-column-module post-351 post type-post status-publish format-gallery has-post-thumbnail  category-activite category-meeting post_format-post-format-gallery ak-module-meta-hide  clearfix\">\n\t\t\t<div class=\"ak-module-inner clearfix\">\n\t\t\t\t<div class=\"ak-module-grid-wrap\">\n\t\t\t\t\t<div class=\"ak-module-featured\">\n\t\t\t\t\t\t<div class=\"ak-module-badges\"><\/div><span class=\"ak-module-format-icon format-gallery\"><i class=\"ak-icon fa fa-camera\"><\/i><\/span><div class=\"ak-featured-cover\"><a href=\"https:\/\/mojedec.org\/index.php\/2022\/12\/06\/organisation-du-dialogue-communautaire-sur-le-role-et-lapproche-du-reseau-martaba-a-madarounfa\/\" class=\"ak-featured-link\" rel=\"bookmark\" title=\"Organisation du dialogue communautaire sur le r\u00f4le et l&rsquo;approche du r\u00e9seau Martaba \u00e0 Madarounfa\"><div class=\"ak-featured-thumb lazy-thumb size-715\" ><img width=\"350\" height=\"250\" src=\"data:image\/gif;base64,R0lGODlhAQABAAAAACH5BAEKAAEALAAAAAABAAEAAAICTAEAOw==\" class=\"attachment-newsy_350x250 size-newsy_350x250 lazyload wp-post-image\" alt=\"Organisation du dialogue communautaire sur le r\u00f4le et l&rsquo;approche du r\u00e9seau Martaba \u00e0 Madarounfa\" decoding=\"async\" loading=\"lazy\" data-src=\"https:\/\/mojedec.org\/wp-content\/uploads\/2022\/12\/316965244_5981560788523648_5224141624981991970_n-350x250.jpg\" data-sizes=\"auto\" data-srcset=\"https:\/\/mojedec.org\/wp-content\/uploads\/2022\/12\/316965244_5981560788523648_5224141624981991970_n-350x250.jpg 350w, https:\/\/mojedec.org\/wp-content\/uploads\/2022\/12\/316965244_5981560788523648_5224141624981991970_n-120x86.jpg 120w\" data-expand=\"700\" \/><\/div><\/a><\/div>\t\t\t\t\t<\/div>\n\t\t\t\t\t<div class=\"ak-module-details\">\n\t\t\t\t\t\t<h3 class=\"ak-module-title\"><a href=\"https:\/\/mojedec.org\/index.php\/2022\/12\/06\/organisation-du-dialogue-communautaire-sur-le-role-et-lapproche-du-reseau-martaba-a-madarounfa\/\" rel=\"bookmark\" title=\"Organisation du dialogue communautaire sur le r\u00f4le et l&rsquo;approche du r\u00e9seau Martaba \u00e0 Madarounfa\">Organisation du dialogue communautaire sur le r\u00f4le&hellip;<\/a><\/h3>\t\t\t\t\t<\/div>\n\t\t\t\t<\/div>\n\t\t\t<\/div>\n\t\t<\/article>\n\t\t\t\t<article class=\"ak-module ak-module-3 ak-column-module post-345 post type-post status-publish format-gallery has-post-thumbnail  category-activite post_format-post-format-gallery ak-module-meta-hide  clearfix\">\n\t\t\t<div class=\"ak-module-inner clearfix\">\n\t\t\t\t<div class=\"ak-module-grid-wrap\">\n\t\t\t\t\t<div class=\"ak-module-featured\">\n\t\t\t\t\t\t<div class=\"ak-module-badges\"><\/div><span class=\"ak-module-format-icon format-gallery\"><i class=\"ak-icon fa fa-camera\"><\/i><\/span><div class=\"ak-featured-cover\"><a href=\"https:\/\/mojedec.org\/index.php\/2022\/12\/06\/remise-de-machines-a-coudres-aux-femmes-du-reseau-martaba-de-madarounfa\/\" class=\"ak-featured-link\" rel=\"bookmark\" title=\"Remise de machines \u00e0 coudres aux femmes du r\u00e9seau Martaba de Madarounfa\"><div class=\"ak-featured-thumb lazy-thumb size-715\" ><img width=\"350\" height=\"250\" src=\"data:image\/gif;base64,R0lGODlhAQABAAAAACH5BAEKAAEALAAAAAABAAEAAAICTAEAOw==\" class=\"attachment-newsy_350x250 size-newsy_350x250 lazyload wp-post-image\" alt=\"Remise de machines \u00e0 coudres aux femmes du r\u00e9seau Martaba de Madarounfa\" decoding=\"async\" loading=\"lazy\" data-src=\"https:\/\/mojedec.org\/wp-content\/uploads\/2022\/12\/317548364_5993447287334998_5798241905772048838_n-350x250.jpg\" data-sizes=\"auto\" data-srcset=\"https:\/\/mojedec.org\/wp-content\/uploads\/2022\/12\/317548364_5993447287334998_5798241905772048838_n-350x250.jpg 350w, https:\/\/mojedec.org\/wp-content\/uploads\/2022\/12\/317548364_5993447287334998_5798241905772048838_n-120x86.jpg 120w, https:\/\/mojedec.org\/wp-content\/uploads\/2022\/12\/317548364_5993447287334998_5798241905772048838_n-750x536.jpg 750w\" data-expand=\"700\" \/><\/div><\/a><\/div>\t\t\t\t\t<\/div>\n\t\t\t\t\t<div class=\"ak-module-details\">\n\t\t\t\t\t\t<h3 class=\"ak-module-title\"><a href=\"https:\/\/mojedec.org\/index.php\/2022\/12\/06\/remise-de-machines-a-coudres-aux-femmes-du-reseau-martaba-de-madarounfa\/\" rel=\"bookmark\" title=\"Remise de machines \u00e0 coudres aux femmes du r\u00e9seau Martaba de Madarounfa\">Remise de machines \u00e0 coudres aux femmes du r\u00e9seau&hellip;<\/a><\/h3>\t\t\t\t\t<\/div>\n\t\t\t\t<\/div>\n\t\t\t<\/div>\n\t\t<\/article>\n\t\t\t\t<article class=\"ak-module ak-module-3 ak-column-module post-333 post type-post status-publish format-gallery has-post-thumbnail  category-actions-de-jeunes category-activite post_format-post-format-gallery ak-module-meta-hide  clearfix\">\n\t\t\t<div class=\"ak-module-inner clearfix\">\n\t\t\t\t<div class=\"ak-module-grid-wrap\">\n\t\t\t\t\t<div class=\"ak-module-featured\">\n\t\t\t\t\t\t<div class=\"ak-module-badges\"><\/div><span class=\"ak-module-format-icon format-gallery\"><i class=\"ak-icon fa fa-camera\"><\/i><\/span><div class=\"ak-featured-cover\"><a href=\"https:\/\/mojedec.org\/index.php\/2022\/12\/06\/ceremonie-de-remise-de-machines-a-coudres-aux-femmes-du-reseau-martaba\/\" class=\"ak-featured-link\" rel=\"bookmark\" title=\"C\u00e9remonie de r\u00e9mise de machines a coudres aux femmes du reseau Martaba\"><div class=\"ak-featured-thumb lazy-thumb size-715\" ><img width=\"350\" height=\"250\" src=\"data:image\/gif;base64,R0lGODlhAQABAAAAACH5BAEKAAEALAAAAAABAAEAAAICTAEAOw==\" class=\"attachment-newsy_350x250 size-newsy_350x250 lazyload wp-post-image\" alt=\"C\u00e9remonie de r\u00e9mise de machines a coudres aux femmes du reseau Martaba\" decoding=\"async\" loading=\"lazy\" data-src=\"https:\/\/mojedec.org\/wp-content\/uploads\/2022\/12\/318292699_6006913625988364_7348052181413049215_n-350x250.jpg\" data-sizes=\"auto\" data-srcset=\"https:\/\/mojedec.org\/wp-content\/uploads\/2022\/12\/318292699_6006913625988364_7348052181413049215_n-350x250.jpg 350w, https:\/\/mojedec.org\/wp-content\/uploads\/2022\/12\/318292699_6006913625988364_7348052181413049215_n-120x86.jpg 120w\" data-expand=\"700\" \/><\/div><\/a><\/div>\t\t\t\t\t<\/div>\n\t\t\t\t\t<div class=\"ak-module-details\">\n\t\t\t\t\t\t<h3 class=\"ak-module-title\"><a href=\"https:\/\/mojedec.org\/index.php\/2022\/12\/06\/ceremonie-de-remise-de-machines-a-coudres-aux-femmes-du-reseau-martaba\/\" rel=\"bookmark\" title=\"C\u00e9remonie de r\u00e9mise de machines a coudres aux femmes du reseau Martaba\">C\u00e9remonie de r\u00e9mise de machines a coudres aux&hellip;<\/a><\/h3>\t\t\t\t\t<\/div>\n\t\t\t\t<\/div>\n\t\t\t<\/div>\n\t\t<\/article>\n\t\t\t\t<article class=\"ak-module ak-module-3 ak-column-module post-242 post type-post status-publish format-video has-post-thumbnail  category-actions-de-jeunes category-activite category-communique category-featured post_format-post-format-video ak-module-meta-hide  clearfix\">\n\t\t\t<div class=\"ak-module-inner clearfix\">\n\t\t\t\t<div class=\"ak-module-grid-wrap\">\n\t\t\t\t\t<div class=\"ak-module-featured\">\n\t\t\t\t\t\t<div class=\"ak-module-badges\"><\/div><span class=\"ak-module-format-icon format-video\"><i class=\"ak-icon fa fa-play\"><\/i><\/span><div class=\"ak-featured-cover\"><a href=\"https:\/\/mojedec.org\/index.php\/2022\/11\/30\/remerciement-des-femmes-mata-reseau\/\" class=\"ak-featured-link\" rel=\"bookmark\" title=\"Remerciement des femmes MATA-RESEAU\"><div class=\"ak-featured-thumb lazy-thumb size-715\" ><img width=\"350\" height=\"250\" src=\"data:image\/gif;base64,R0lGODlhAQABAAAAACH5BAEKAAEALAAAAAABAAEAAAICTAEAOw==\" class=\"attachment-newsy_350x250 size-newsy_350x250 lazyload wp-post-image\" alt=\"Remerciement des femmes MATA-RESEAU\" decoding=\"async\" loading=\"lazy\" data-src=\"https:\/\/mojedec.org\/wp-content\/uploads\/2022\/11\/remerciement-des-femmes-mata-reseau-350x250.jpg\" data-sizes=\"auto\" data-srcset=\"https:\/\/mojedec.org\/wp-content\/uploads\/2022\/11\/remerciement-des-femmes-mata-reseau-350x250.jpg 350w, https:\/\/mojedec.org\/wp-content\/uploads\/2022\/11\/remerciement-des-femmes-mata-reseau-120x86.jpg 120w\" data-expand=\"700\" \/><\/div><\/a><\/div>\t\t\t\t\t<\/div>\n\t\t\t\t\t<div class=\"ak-module-details\">\n\t\t\t\t\t\t<h3 class=\"ak-module-title\"><a href=\"https:\/\/mojedec.org\/index.php\/2022\/11\/30\/remerciement-des-femmes-mata-reseau\/\" rel=\"bookmark\" title=\"Remerciement des femmes MATA-RESEAU\">Remerciement des femmes MATA-RESEAU<\/a><\/h3>\t\t\t\t\t<\/div>\n\t\t\t\t<\/div>\n\t\t\t<\/div>\n\t\t<\/article>\n\t\t\t\t<article class=\"ak-module ak-module-3 ak-column-module post-232 post type-post status-publish format-video has-post-thumbnail  category-actions-de-jeunes category-activite category-communique category-interview category-featured post_format-post-format-video ak-module-meta-hide  clearfix\">\n\t\t\t<div class=\"ak-module-inner clearfix\">\n\t\t\t\t<div class=\"ak-module-grid-wrap\">\n\t\t\t\t\t<div class=\"ak-module-featured\">\n\t\t\t\t\t\t<div class=\"ak-module-badges\"><\/div><span class=\"ak-module-format-icon format-video\"><i class=\"ak-icon fa fa-play\"><\/i><\/span><div class=\"ak-featured-cover\"><a href=\"https:\/\/mojedec.org\/index.php\/2022\/11\/30\/remerciement-de-representant-du-reseau-martaba-de-tsarnawa\/\" class=\"ak-featured-link\" rel=\"bookmark\" title=\"Remerciement de repr\u00e9sentant du r\u00e9seau Martaba de Tsarnawa\"><div class=\"ak-featured-thumb lazy-thumb size-715\" ><img width=\"350\" height=\"250\" src=\"data:image\/gif;base64,R0lGODlhAQABAAAAACH5BAEKAAEALAAAAAABAAEAAAICTAEAOw==\" class=\"attachment-newsy_350x250 size-newsy_350x250 lazyload wp-post-image\" alt=\"Remerciement de repr\u00e9sentant du r\u00e9seau Martaba de Tsarnawa\" decoding=\"async\" loading=\"lazy\" data-src=\"https:\/\/mojedec.org\/wp-content\/uploads\/2022\/11\/remerciement-de-representant-du-reseau-martaba-de-tsarnawa-350x250.jpg\" data-sizes=\"auto\" data-srcset=\"https:\/\/mojedec.org\/wp-content\/uploads\/2022\/11\/remerciement-de-representant-du-reseau-martaba-de-tsarnawa-350x250.jpg 350w, https:\/\/mojedec.org\/wp-content\/uploads\/2022\/11\/remerciement-de-representant-du-reseau-martaba-de-tsarnawa-120x86.jpg 120w\" data-expand=\"700\" \/><\/div><\/a><\/div>\t\t\t\t\t<\/div>\n\t\t\t\t\t<div class=\"ak-module-details\">\n\t\t\t\t\t\t<h3 class=\"ak-module-title\"><a href=\"https:\/\/mojedec.org\/index.php\/2022\/11\/30\/remerciement-de-representant-du-reseau-martaba-de-tsarnawa\/\" rel=\"bookmark\" title=\"Remerciement de repr\u00e9sentant du r\u00e9seau Martaba de Tsarnawa\">Remerciement de repr\u00e9sentant du r\u00e9seau Martaba de&hellip;<\/a><\/h3>\t\t\t\t\t<\/div>\n\t\t\t\t<\/div>\n\t\t\t<\/div>\n\t\t<\/article>\n\t\t\t\t<article class=\"ak-module ak-module-3 ak-column-module post-229 post type-post status-publish format-video has-post-thumbnail  category-actions-de-jeunes category-activite category-communique category-interview category-featured post_format-post-format-video ak-module-meta-hide  clearfix\">\n\t\t\t<div class=\"ak-module-inner clearfix\">\n\t\t\t\t<div class=\"ak-module-grid-wrap\">\n\t\t\t\t\t<div class=\"ak-module-featured\">\n\t\t\t\t\t\t<div class=\"ak-module-badges\"><\/div><span class=\"ak-module-format-icon format-video\"><i class=\"ak-icon fa fa-play\"><\/i><\/span><div class=\"ak-featured-cover\"><a href=\"https:\/\/mojedec.org\/index.php\/2022\/11\/30\/letat-observateur-des-activites-des-organisme\/\" class=\"ak-featured-link\" rel=\"bookmark\" title=\"L&rsquo;\u00e9tat, observateur des activit\u00e9s des organisme\"><div class=\"ak-featured-thumb lazy-thumb size-715\" ><img width=\"350\" height=\"250\" src=\"data:image\/gif;base64,R0lGODlhAQABAAAAACH5BAEKAAEALAAAAAABAAEAAAICTAEAOw==\" class=\"attachment-newsy_350x250 size-newsy_350x250 lazyload wp-post-image\" alt=\"L&rsquo;\u00e9tat, observateur des activit\u00e9s des organisme\" decoding=\"async\" loading=\"lazy\" data-src=\"https:\/\/mojedec.org\/wp-content\/uploads\/2022\/11\/letat-observateur-des-activites-des-organisme-350x250.jpg\" data-sizes=\"auto\" data-srcset=\"https:\/\/mojedec.org\/wp-content\/uploads\/2022\/11\/letat-observateur-des-activites-des-organisme-350x250.jpg 350w, https:\/\/mojedec.org\/wp-content\/uploads\/2022\/11\/letat-observateur-des-activites-des-organisme-120x86.jpg 120w\" data-expand=\"700\" \/><\/div><\/a><\/div>\t\t\t\t\t<\/div>\n\t\t\t\t\t<div class=\"ak-module-details\">\n\t\t\t\t\t\t<h3 class=\"ak-module-title\"><a href=\"https:\/\/mojedec.org\/index.php\/2022\/11\/30\/letat-observateur-des-activites-des-organisme\/\" rel=\"bookmark\" title=\"L&rsquo;\u00e9tat, observateur des activit\u00e9s des organisme\">L&rsquo;\u00e9tat, observateur des activit\u00e9s des&hellip;<\/a><\/h3>\t\t\t\t\t<\/div>\n\t\t\t\t<\/div>\n\t\t\t<\/div>\n\t\t<\/article>\n\t\t\t\t<article class=\"ak-module ak-module-3 ak-column-module post-226 post type-post status-publish format-video has-post-thumbnail  category-actions-de-jeunes category-activite category-communique category-interview category-featured post_format-post-format-video ak-module-meta-hide  clearfix\">\n\t\t\t<div class=\"ak-module-inner clearfix\">\n\t\t\t\t<div class=\"ak-module-grid-wrap\">\n\t\t\t\t\t<div class=\"ak-module-featured\">\n\t\t\t\t\t\t<div class=\"ak-module-badges\"><\/div><span class=\"ak-module-format-icon format-video\"><i class=\"ak-icon fa fa-play\"><\/i><\/span><div class=\"ak-featured-cover\"><a href=\"https:\/\/mojedec.org\/index.php\/2022\/11\/30\/remerciement-de-representant-du-reseau-martaba-de-gabi\/\" class=\"ak-featured-link\" rel=\"bookmark\" title=\"Remerciement de repr\u00e9sentant du r\u00e9seau Martaba de Gabi\"><div class=\"ak-featured-thumb lazy-thumb size-715\" ><img width=\"350\" height=\"250\" src=\"data:image\/gif;base64,R0lGODlhAQABAAAAACH5BAEKAAEALAAAAAABAAEAAAICTAEAOw==\" class=\"attachment-newsy_350x250 size-newsy_350x250 lazyload wp-post-image\" alt=\"Remerciement de repr\u00e9sentant du r\u00e9seau Martaba de Gabi\" decoding=\"async\" loading=\"lazy\" data-src=\"https:\/\/mojedec.org\/wp-content\/uploads\/2022\/11\/remerciement-de-representant-du-reseau-martaba-de-gabi-350x250.jpg\" data-sizes=\"auto\" data-srcset=\"https:\/\/mojedec.org\/wp-content\/uploads\/2022\/11\/remerciement-de-representant-du-reseau-martaba-de-gabi-350x250.jpg 350w, https:\/\/mojedec.org\/wp-content\/uploads\/2022\/11\/remerciement-de-representant-du-reseau-martaba-de-gabi-120x86.jpg 120w\" data-expand=\"700\" \/><\/div><\/a><\/div>\t\t\t\t\t<\/div>\n\t\t\t\t\t<div class=\"ak-module-details\">\n\t\t\t\t\t\t<h3 class=\"ak-module-title\"><a href=\"https:\/\/mojedec.org\/index.php\/2022\/11\/30\/remerciement-de-representant-du-reseau-martaba-de-gabi\/\" rel=\"bookmark\" title=\"Remerciement de repr\u00e9sentant du r\u00e9seau Martaba de Gabi\">Remerciement de repr\u00e9sentant du r\u00e9seau Martaba de&hellip;<\/a><\/h3>\t\t\t\t\t<\/div>\n\t\t\t\t<\/div>\n\t\t\t<\/div>\n\t\t<\/article>\n\t\t\t\t<article class=\"ak-module ak-module-3 ak-column-module post-223 post type-post status-publish format-video has-post-thumbnail  category-actions-de-jeunes category-activite category-communique category-interview category-featured post_format-post-format-video ak-module-meta-hide  clearfix\">\n\t\t\t<div class=\"ak-module-inner clearfix\">\n\t\t\t\t<div class=\"ak-module-grid-wrap\">\n\t\t\t\t\t<div class=\"ak-module-featured\">\n\t\t\t\t\t\t<div class=\"ak-module-badges\"><\/div><span class=\"ak-module-format-icon format-video\"><i class=\"ak-icon fa fa-play\"><\/i><\/span><div class=\"ak-featured-cover\"><a href=\"https:\/\/mojedec.org\/index.php\/2022\/11\/30\/remerciement-du-representant-du-reseau-martaba-de-lacommune-i-illela\/\" class=\"ak-featured-link\" rel=\"bookmark\" title=\"Remerciement du repr\u00e9sentant du r\u00e9seau Martaba de laCommune I Illela\"><div class=\"ak-featured-thumb lazy-thumb size-715\" ><img width=\"350\" height=\"250\" src=\"data:image\/gif;base64,R0lGODlhAQABAAAAACH5BAEKAAEALAAAAAABAAEAAAICTAEAOw==\" class=\"attachment-newsy_350x250 size-newsy_350x250 lazyload wp-post-image\" alt=\"Remerciement du repr\u00e9sentant du r\u00e9seau Martaba de laCommune I Illela\" decoding=\"async\" loading=\"lazy\" data-src=\"https:\/\/mojedec.org\/wp-content\/uploads\/2022\/11\/remerciement-du-representant-du-reseau-martaba-de-lacommune-i-illela-350x250.jpg\" data-sizes=\"auto\" data-srcset=\"https:\/\/mojedec.org\/wp-content\/uploads\/2022\/11\/remerciement-du-representant-du-reseau-martaba-de-lacommune-i-illela-350x250.jpg 350w, https:\/\/mojedec.org\/wp-content\/uploads\/2022\/11\/remerciement-du-representant-du-reseau-martaba-de-lacommune-i-illela-120x86.jpg 120w\" data-expand=\"700\" \/><\/div><\/a><\/div>\t\t\t\t\t<\/div>\n\t\t\t\t\t<div class=\"ak-module-details\">\n\t\t\t\t\t\t<h3 class=\"ak-module-title\"><a href=\"https:\/\/mojedec.org\/index.php\/2022\/11\/30\/remerciement-du-representant-du-reseau-martaba-de-lacommune-i-illela\/\" rel=\"bookmark\" title=\"Remerciement du repr\u00e9sentant du r\u00e9seau Martaba de laCommune I Illela\">Remerciement du repr\u00e9sentant du r\u00e9seau Martaba de&hellip;<\/a><\/h3>\t\t\t\t\t<\/div>\n\t\t\t\t<\/div>\n\t\t\t<\/div>\n\t\t<\/article>\n\t\t<\/div><\/div><\/div>[\/vc_column][\/vc_row][vc_row full_width=\u00a0\u00bbstretch_row\u00a0\u00bb css=\u00a0\u00bb.vc_custom_1576849816396{background-color: rgba(0,0,0,0.05) !important;*background-color: rgb(0,0,0) !important;}\u00a0\u00bb][vc_column]<div class=\"ak-block ak-block-video-playlist ak-block-width-1 clearfix  ak-video-playlist-vertical \" id=\"block_69f348554373a_3\"><div class=\"ak-block-inner clearfix\">\n                <div class=\"ak-video-playlist-player-wrap\">\n                    <div class=\"ak-video-playlist-player-holder\">\n                        <div class=\"ak-featured-video\"><div data-src=\"https:\/\/www.youtube.com\/watch?v=GMJ0emFtBJc\" data-type=\"youtube\" data-repeat=\"false\" data-autoplay=\"false\" class=\"ak-youtube-player clearfix\">\n                    <div class=\"ak-video-container\"><\/div>\n                <\/div><\/div>\n                    <\/div>\n                <\/div>\n\n                <div class=\"ak-video-playlist-list-wrap\">\n                    <div class=\"ak-video-playlist-playing-wrap\">\n                        <div class=\"ak-video-playlist-playing-top\">\n                            <div class=\"ak-video-playlist-playing-icon\">\n                                <i class=\"fa fa-play\"><\/i>\n                            <\/div>\n                            <span>En cours de lecture<\/span>\n                        <\/div>\n                        <div class=\"ak-video-playlist-playing-title\">\n                            <h2>Role des jeunes dans la promotion de la paix et de la coh\u00e9sion sociale<\/h2>\n                        <\/div>\n                    <\/div>\n                    <div class=\"ak-video-playlist-list-inner-wrap\">\n                        <a class=\"ak-video-playlist-item active\" href=\"https:\/\/mojedec.org\/index.php\/2022\/11\/26\/role-des-jeunes-dans-la-promotion-de-la-paix-et-de-la-cohesion-sociale\/\" data-id=\"144\">\n                    <div class=\"ak-video-playlist-item-wrap\">\n\t\t\t\t\t\t<div class=\"ak-video-playlist-item-thumb\">\n\t\t\t\t\t\t\t<div class=\"ak-featured-thumb lazy-thumb size-715\" ><img width=\"120\" height=\"86\" src=\"data:image\/gif;base64,R0lGODlhAQABAAAAACH5BAEKAAEALAAAAAABAAEAAAICTAEAOw==\" class=\"attachment-newsy_120x86 size-newsy_120x86 lazyload wp-post-image\" alt=\"Role des jeunes dans la promotion de la paix et de la coh\u00e9sion sociale\" decoding=\"async\" loading=\"lazy\" data-src=\"https:\/\/mojedec.org\/wp-content\/uploads\/2022\/11\/311368755_5851398138206581_1157738569118420563_n-120x86.jpg\" data-sizes=\"auto\" data-srcset=\"https:\/\/mojedec.org\/wp-content\/uploads\/2022\/11\/311368755_5851398138206581_1157738569118420563_n-120x86.jpg 120w, https:\/\/mojedec.org\/wp-content\/uploads\/2022\/11\/311368755_5851398138206581_1157738569118420563_n-350x250.jpg 350w, https:\/\/mojedec.org\/wp-content\/uploads\/2022\/11\/311368755_5851398138206581_1157738569118420563_n-750x536.jpg 750w\" data-expand=\"700\" \/><\/div>\n\t\t\t\t\t\t<\/div>\n\t\t\t\t\t\t<div class=\"ak-video-playlist-item-desc\">\n\t\t\t\t\t\t\t<h3 class=\"ak-video-playlist-item-title\">Role des jeunes dans la promotion de la paix et de la&hellip;<\/h3>\n\t\t\t\t\t\t\t<span class=\"ak-video-playlist-item-duration\"><\/span>\n\t\t\t\t\t\t<\/div>\n                    <\/div>\n                <\/a><a class=\"ak-video-playlist-item \" href=\"https:\/\/mojedec.org\/index.php\/2022\/11\/30\/remerciement-du-representant-du-reseau-martaba-de-commune-de-bazaga\/\" data-id=\"215\">\n                    <div class=\"ak-video-playlist-item-wrap\">\n\t\t\t\t\t\t<div class=\"ak-video-playlist-item-thumb\">\n\t\t\t\t\t\t\t<div class=\"ak-featured-thumb lazy-thumb size-715\" ><img width=\"120\" height=\"86\" src=\"data:image\/gif;base64,R0lGODlhAQABAAAAACH5BAEKAAEALAAAAAABAAEAAAICTAEAOw==\" class=\"attachment-newsy_120x86 size-newsy_120x86 lazyload wp-post-image\" alt=\"Remerciement du repr\u00e9sentant du r\u00e9seau Martaba de Commune de Bazaga\" decoding=\"async\" loading=\"lazy\" data-src=\"https:\/\/mojedec.org\/wp-content\/uploads\/2022\/11\/remerciement-du-representant-du-reseau-martaba-de-commune-de-bazaga-120x86.jpg\" data-sizes=\"auto\" data-srcset=\"https:\/\/mojedec.org\/wp-content\/uploads\/2022\/11\/remerciement-du-representant-du-reseau-martaba-de-commune-de-bazaga-120x86.jpg 120w, https:\/\/mojedec.org\/wp-content\/uploads\/2022\/11\/remerciement-du-representant-du-reseau-martaba-de-commune-de-bazaga-350x250.jpg 350w\" data-expand=\"700\" \/><\/div>\n\t\t\t\t\t\t<\/div>\n\t\t\t\t\t\t<div class=\"ak-video-playlist-item-desc\">\n\t\t\t\t\t\t\t<h3 class=\"ak-video-playlist-item-title\">Remerciement du repr\u00e9sentant du r\u00e9seau Martaba de Commune de&hellip;<\/h3>\n\t\t\t\t\t\t\t<span class=\"ak-video-playlist-item-duration\"><\/span>\n\t\t\t\t\t\t<\/div>\n                    <\/div>\n                <\/a><a class=\"ak-video-playlist-item \" href=\"https:\/\/mojedec.org\/index.php\/2024\/08\/09\/article-type-video\/\" data-id=\"748\">\n                    <div class=\"ak-video-playlist-item-wrap\">\n\t\t\t\t\t\t<div class=\"ak-video-playlist-item-thumb\">\n\t\t\t\t\t\t\t<div class=\"ak-featured-thumb lazy-thumb size-715\" ><img width=\"120\" height=\"86\" src=\"data:image\/gif;base64,R0lGODlhAQABAAAAACH5BAEKAAEALAAAAAABAAEAAAICTAEAOw==\" class=\"attachment-newsy_120x86 size-newsy_120x86 lazyload wp-post-image\" alt=\"article type video\" decoding=\"async\" loading=\"lazy\" data-src=\"https:\/\/mojedec.org\/wp-content\/uploads\/2024\/08\/article-type-video-120x86.jpg\" data-sizes=\"auto\" data-srcset=\"https:\/\/mojedec.org\/wp-content\/uploads\/2024\/08\/article-type-video-120x86.jpg 120w, https:\/\/mojedec.org\/wp-content\/uploads\/2024\/08\/article-type-video-350x250.jpg 350w\" data-expand=\"700\" \/><\/div>\n\t\t\t\t\t\t<\/div>\n\t\t\t\t\t\t<div class=\"ak-video-playlist-item-desc\">\n\t\t\t\t\t\t\t<h3 class=\"ak-video-playlist-item-title\">article type video<\/h3>\n\t\t\t\t\t\t\t<span class=\"ak-video-playlist-item-duration\"><\/span>\n\t\t\t\t\t\t<\/div>\n                    <\/div>\n                <\/a><a class=\"ak-video-playlist-item \" href=\"https:\/\/mojedec.org\/index.php\/2022\/11\/30\/remerciement-de-representant-du-reseau-martaba-de-gabi\/\" data-id=\"226\">\n                    <div class=\"ak-video-playlist-item-wrap\">\n\t\t\t\t\t\t<div class=\"ak-video-playlist-item-thumb\">\n\t\t\t\t\t\t\t<div class=\"ak-featured-thumb lazy-thumb size-715\" ><img width=\"120\" height=\"86\" src=\"data:image\/gif;base64,R0lGODlhAQABAAAAACH5BAEKAAEALAAAAAABAAEAAAICTAEAOw==\" class=\"attachment-newsy_120x86 size-newsy_120x86 lazyload wp-post-image\" alt=\"Remerciement de repr\u00e9sentant du r\u00e9seau Martaba de Gabi\" decoding=\"async\" loading=\"lazy\" data-src=\"https:\/\/mojedec.org\/wp-content\/uploads\/2022\/11\/remerciement-de-representant-du-reseau-martaba-de-gabi-120x86.jpg\" data-sizes=\"auto\" data-srcset=\"https:\/\/mojedec.org\/wp-content\/uploads\/2022\/11\/remerciement-de-representant-du-reseau-martaba-de-gabi-120x86.jpg 120w, https:\/\/mojedec.org\/wp-content\/uploads\/2022\/11\/remerciement-de-representant-du-reseau-martaba-de-gabi-350x250.jpg 350w\" data-expand=\"700\" \/><\/div>\n\t\t\t\t\t\t<\/div>\n\t\t\t\t\t\t<div class=\"ak-video-playlist-item-desc\">\n\t\t\t\t\t\t\t<h3 class=\"ak-video-playlist-item-title\">Remerciement de repr\u00e9sentant du r\u00e9seau Martaba de Gabi<\/h3>\n\t\t\t\t\t\t\t<span class=\"ak-video-playlist-item-duration\"><\/span>\n\t\t\t\t\t\t<\/div>\n                    <\/div>\n                <\/a><a class=\"ak-video-playlist-item \" href=\"https:\/\/mojedec.org\/index.php\/2022\/11\/26\/programme-de-prevention-de-lextremisme-violant-et-le-promotion-de-la-resilience-communautaire\/\" data-id=\"140\">\n                    <div class=\"ak-video-playlist-item-wrap\">\n\t\t\t\t\t\t<div class=\"ak-video-playlist-item-thumb\">\n\t\t\t\t\t\t\t<div class=\"ak-featured-thumb lazy-thumb size-715\" ><img width=\"120\" height=\"86\" src=\"data:image\/gif;base64,R0lGODlhAQABAAAAACH5BAEKAAEALAAAAAABAAEAAAICTAEAOw==\" class=\"attachment-newsy_120x86 size-newsy_120x86 lazyload wp-post-image\" alt=\"Programme de pr\u00e9vention de l&rsquo;extr\u00e9misme violant et le promotion de la r\u00e9silience communautaire\" decoding=\"async\" loading=\"lazy\" data-src=\"https:\/\/mojedec.org\/wp-content\/uploads\/2022\/11\/programme-de-prevention-de-lextremisme-violant-et-le-promotion-de-la-resilience-communautaire-120x86.jpg\" data-sizes=\"auto\" data-srcset=\"https:\/\/mojedec.org\/wp-content\/uploads\/2022\/11\/programme-de-prevention-de-lextremisme-violant-et-le-promotion-de-la-resilience-communautaire-120x86.jpg 120w, https:\/\/mojedec.org\/wp-content\/uploads\/2022\/11\/programme-de-prevention-de-lextremisme-violant-et-le-promotion-de-la-resilience-communautaire-350x250.jpg 350w\" data-expand=\"700\" \/><\/div>\n\t\t\t\t\t\t<\/div>\n\t\t\t\t\t\t<div class=\"ak-video-playlist-item-desc\">\n\t\t\t\t\t\t\t<h3 class=\"ak-video-playlist-item-title\">Programme de pr\u00e9vention de l&rsquo;extr\u00e9misme violant et le&hellip;<\/h3>\n\t\t\t\t\t\t\t<span class=\"ak-video-playlist-item-duration\"><\/span>\n\t\t\t\t\t\t<\/div>\n                    <\/div>\n                <\/a><a class=\"ak-video-playlist-item \" href=\"https:\/\/mojedec.org\/index.php\/2022\/11\/30\/remerciement-du-representant-du-reseau-martaba-de-commune-alela\/\" data-id=\"218\">\n                    <div class=\"ak-video-playlist-item-wrap\">\n\t\t\t\t\t\t<div class=\"ak-video-playlist-item-thumb\">\n\t\t\t\t\t\t\t<div class=\"ak-featured-thumb lazy-thumb size-715\" ><img width=\"120\" height=\"86\" src=\"data:image\/gif;base64,R0lGODlhAQABAAAAACH5BAEKAAEALAAAAAABAAEAAAICTAEAOw==\" class=\"attachment-newsy_120x86 size-newsy_120x86 lazyload wp-post-image\" alt=\"Remerciement du repr\u00e9sentant du r\u00e9seau Martaba de Commune Alela\" decoding=\"async\" loading=\"lazy\" data-src=\"https:\/\/mojedec.org\/wp-content\/uploads\/2022\/11\/remerciement-du-representant-du-reseau-martaba-de-commune-alela-120x86.jpg\" data-sizes=\"auto\" data-srcset=\"https:\/\/mojedec.org\/wp-content\/uploads\/2022\/11\/remerciement-du-representant-du-reseau-martaba-de-commune-alela-120x86.jpg 120w, https:\/\/mojedec.org\/wp-content\/uploads\/2022\/11\/remerciement-du-representant-du-reseau-martaba-de-commune-alela-350x250.jpg 350w\" data-expand=\"700\" \/><\/div>\n\t\t\t\t\t\t<\/div>\n\t\t\t\t\t\t<div class=\"ak-video-playlist-item-desc\">\n\t\t\t\t\t\t\t<h3 class=\"ak-video-playlist-item-title\">Remerciement du repr\u00e9sentant du r\u00e9seau Martaba de Commune&hellip;<\/h3>\n\t\t\t\t\t\t\t<span class=\"ak-video-playlist-item-duration\"><\/span>\n\t\t\t\t\t\t<\/div>\n                    <\/div>\n                <\/a><a class=\"ak-video-playlist-item \" href=\"https:\/\/mojedec.org\/index.php\/2022\/11\/30\/extension-des-activites-vers-la-region-de-tillaberie\/\" data-id=\"221\">\n                    <div class=\"ak-video-playlist-item-wrap\">\n\t\t\t\t\t\t<div class=\"ak-video-playlist-item-thumb\">\n\t\t\t\t\t\t\t<div class=\"ak-featured-thumb lazy-thumb size-715\" ><img width=\"120\" height=\"86\" src=\"data:image\/gif;base64,R0lGODlhAQABAAAAACH5BAEKAAEALAAAAAABAAEAAAICTAEAOw==\" class=\"attachment-newsy_120x86 size-newsy_120x86 lazyload wp-post-image\" alt=\"Extension des activit\u00e9s vers la region de Tillaberie\" decoding=\"async\" loading=\"lazy\" data-src=\"https:\/\/mojedec.org\/wp-content\/uploads\/2022\/11\/extension-des-activites-vers-la-region-de-tillaberie-120x86.jpg\" data-sizes=\"auto\" data-srcset=\"https:\/\/mojedec.org\/wp-content\/uploads\/2022\/11\/extension-des-activites-vers-la-region-de-tillaberie-120x86.jpg 120w, https:\/\/mojedec.org\/wp-content\/uploads\/2022\/11\/extension-des-activites-vers-la-region-de-tillaberie-350x250.jpg 350w\" data-expand=\"700\" \/><\/div>\n\t\t\t\t\t\t<\/div>\n\t\t\t\t\t\t<div class=\"ak-video-playlist-item-desc\">\n\t\t\t\t\t\t\t<h3 class=\"ak-video-playlist-item-title\">Extension des activit\u00e9s vers la region de Tillaberie<\/h3>\n\t\t\t\t\t\t\t<span class=\"ak-video-playlist-item-duration\"><\/span>\n\t\t\t\t\t\t<\/div>\n                    <\/div>\n                <\/a><a class=\"ak-video-playlist-item \" href=\"https:\/\/mojedec.org\/index.php\/2022\/11\/26\/trcr-tribune-de-recevabilite-et-de-citoyennete-responsable\/\" data-id=\"147\">\n                    <div class=\"ak-video-playlist-item-wrap\">\n\t\t\t\t\t\t<div class=\"ak-video-playlist-item-thumb\">\n\t\t\t\t\t\t\t<div class=\"ak-featured-thumb lazy-thumb size-715\" ><img width=\"120\" height=\"86\" src=\"data:image\/gif;base64,R0lGODlhAQABAAAAACH5BAEKAAEALAAAAAABAAEAAAICTAEAOw==\" class=\"attachment-newsy_120x86 size-newsy_120x86 lazyload wp-post-image\" alt=\"TRCR tribune de recevabilit\u00e9 et de citoyennet\u00e9 responsable.\" decoding=\"async\" loading=\"lazy\" data-src=\"https:\/\/mojedec.org\/wp-content\/uploads\/2022\/11\/trcr-tribune-de-recevabilite-et-de-citoyennete-responsable-120x86.jpg\" data-sizes=\"auto\" data-srcset=\"https:\/\/mojedec.org\/wp-content\/uploads\/2022\/11\/trcr-tribune-de-recevabilite-et-de-citoyennete-responsable-120x86.jpg 120w, https:\/\/mojedec.org\/wp-content\/uploads\/2022\/11\/trcr-tribune-de-recevabilite-et-de-citoyennete-responsable-350x250.jpg 350w\" data-expand=\"700\" \/><\/div>\n\t\t\t\t\t\t<\/div>\n\t\t\t\t\t\t<div class=\"ak-video-playlist-item-desc\">\n\t\t\t\t\t\t\t<h3 class=\"ak-video-playlist-item-title\">TRCR tribune de recevabilit\u00e9 et de citoyennet\u00e9 responsable.<\/h3>\n\t\t\t\t\t\t\t<span class=\"ak-video-playlist-item-duration\"><\/span>\n\t\t\t\t\t\t<\/div>\n                    <\/div>\n                <\/a><a class=\"ak-video-playlist-item \" href=\"https:\/\/mojedec.org\/index.php\/2022\/11\/30\/remerciement-du-representant-du-reseau-martaba-de-lacommune-i-illela\/\" data-id=\"223\">\n                    <div class=\"ak-video-playlist-item-wrap\">\n\t\t\t\t\t\t<div class=\"ak-video-playlist-item-thumb\">\n\t\t\t\t\t\t\t<div class=\"ak-featured-thumb lazy-thumb size-715\" ><img width=\"120\" height=\"86\" src=\"data:image\/gif;base64,R0lGODlhAQABAAAAACH5BAEKAAEALAAAAAABAAEAAAICTAEAOw==\" class=\"attachment-newsy_120x86 size-newsy_120x86 lazyload wp-post-image\" alt=\"Remerciement du repr\u00e9sentant du r\u00e9seau Martaba de laCommune I Illela\" decoding=\"async\" loading=\"lazy\" data-src=\"https:\/\/mojedec.org\/wp-content\/uploads\/2022\/11\/remerciement-du-representant-du-reseau-martaba-de-lacommune-i-illela-120x86.jpg\" data-sizes=\"auto\" data-srcset=\"https:\/\/mojedec.org\/wp-content\/uploads\/2022\/11\/remerciement-du-representant-du-reseau-martaba-de-lacommune-i-illela-120x86.jpg 120w, https:\/\/mojedec.org\/wp-content\/uploads\/2022\/11\/remerciement-du-representant-du-reseau-martaba-de-lacommune-i-illela-350x250.jpg 350w\" data-expand=\"700\" \/><\/div>\n\t\t\t\t\t\t<\/div>\n\t\t\t\t\t\t<div class=\"ak-video-playlist-item-desc\">\n\t\t\t\t\t\t\t<h3 class=\"ak-video-playlist-item-title\">Remerciement du repr\u00e9sentant du r\u00e9seau Martaba de laCommune&hellip;<\/h3>\n\t\t\t\t\t\t\t<span class=\"ak-video-playlist-item-duration\"><\/span>\n\t\t\t\t\t\t<\/div>\n                    <\/div>\n                <\/a><a class=\"ak-video-playlist-item \" href=\"https:\/\/mojedec.org\/index.php\/2022\/11\/26\/lancement-du-programme-de-prevention-de-lextremisme-violant\/\" data-id=\"150\">\n                    <div class=\"ak-video-playlist-item-wrap\">\n\t\t\t\t\t\t<div class=\"ak-video-playlist-item-thumb\">\n\t\t\t\t\t\t\t<div class=\"ak-featured-thumb lazy-thumb size-715\" ><img width=\"120\" height=\"86\" src=\"data:image\/gif;base64,R0lGODlhAQABAAAAACH5BAEKAAEALAAAAAABAAEAAAICTAEAOw==\" class=\"attachment-newsy_120x86 size-newsy_120x86 lazyload wp-post-image\" alt=\"Lancement du programme de prevention de l&rsquo;extr\u00e9misme violant\" decoding=\"async\" loading=\"lazy\" data-src=\"https:\/\/mojedec.org\/wp-content\/uploads\/2022\/11\/lancement-du-programme-de-prevention-de-lextremisme-violant-120x86.jpg\" data-sizes=\"auto\" data-srcset=\"https:\/\/mojedec.org\/wp-content\/uploads\/2022\/11\/lancement-du-programme-de-prevention-de-lextremisme-violant-120x86.jpg 120w, https:\/\/mojedec.org\/wp-content\/uploads\/2022\/11\/lancement-du-programme-de-prevention-de-lextremisme-violant-350x250.jpg 350w\" data-expand=\"700\" \/><\/div>\n\t\t\t\t\t\t<\/div>\n\t\t\t\t\t\t<div class=\"ak-video-playlist-item-desc\">\n\t\t\t\t\t\t\t<h3 class=\"ak-video-playlist-item-title\">Lancement du programme de prevention de l&rsquo;extr\u00e9misme&hellip;<\/h3>\n\t\t\t\t\t\t\t<span class=\"ak-video-playlist-item-duration\"><\/span>\n\t\t\t\t\t\t<\/div>\n                    <\/div>\n                <\/a>\n                    <\/div>\n                <\/div>\n               <script> var block_69f348554373a_3 = {\"144\":\"<div class=\\\"ak-featured-video\\\"><div data-src=\\\"https:\\\/\\\/www.youtube.com\\\/watch?v=GMJ0emFtBJc\\\" data-type=\\\"youtube\\\" data-repeat=\\\"false\\\" data-autoplay=\\\"true\\\" class=\\\"ak-youtube-player clearfix\\\">\\n                    <div class=\\\"ak-video-container\\\"><\\\/div>\\n                <\\\/div><\\\/div>\",\"215\":\"<div class=\\\"ak-featured-video\\\"><div data-src=\\\"https:\\\/\\\/youtu.be\\\/ZZJnAnLO5Og\\\" data-type=\\\"youtube\\\" data-repeat=\\\"false\\\" data-autoplay=\\\"true\\\" class=\\\"ak-youtube-player clearfix\\\">\\n                    <div class=\\\"ak-video-container\\\"><\\\/div>\\n                <\\\/div><\\\/div>\",\"748\":\"<div class=\\\"ak-featured-video\\\"><div data-src=\\\"https:\\\/\\\/www.youtube.com\\\/watch?v=mboO2kxd1gU\\\" data-type=\\\"youtube\\\" data-repeat=\\\"false\\\" data-autoplay=\\\"true\\\" class=\\\"ak-youtube-player clearfix\\\">\\n                    <div class=\\\"ak-video-container\\\"><\\\/div>\\n                <\\\/div><\\\/div>\",\"226\":\"<div class=\\\"ak-featured-video\\\"><div data-src=\\\"https:\\\/\\\/youtu.be\\\/MQhjfVnYhcs\\\" data-type=\\\"youtube\\\" data-repeat=\\\"false\\\" data-autoplay=\\\"true\\\" class=\\\"ak-youtube-player clearfix\\\">\\n                    <div class=\\\"ak-video-container\\\"><\\\/div>\\n                <\\\/div><\\\/div>\",\"140\":\"<div class=\\\"ak-featured-video\\\"><div data-src=\\\"https:\\\/\\\/www.youtube.com\\\/watch?v=mPjxKgs1uyg\\\" data-type=\\\"youtube\\\" data-repeat=\\\"false\\\" data-autoplay=\\\"true\\\" class=\\\"ak-youtube-player clearfix\\\">\\n                    <div class=\\\"ak-video-container\\\"><\\\/div>\\n                <\\\/div><\\\/div>\",\"218\":\"<div class=\\\"ak-featured-video\\\"><div data-src=\\\"https:\\\/\\\/youtu.be\\\/4H4y9IOR8U4\\\" data-type=\\\"youtube\\\" data-repeat=\\\"false\\\" data-autoplay=\\\"true\\\" class=\\\"ak-youtube-player clearfix\\\">\\n                    <div class=\\\"ak-video-container\\\"><\\\/div>\\n                <\\\/div><\\\/div>\",\"221\":\"<div class=\\\"ak-featured-video\\\"><div data-src=\\\"https:\\\/\\\/youtu.be\\\/rDnSuMLelxY\\\" data-type=\\\"youtube\\\" data-repeat=\\\"false\\\" data-autoplay=\\\"true\\\" class=\\\"ak-youtube-player clearfix\\\">\\n                    <div class=\\\"ak-video-container\\\"><\\\/div>\\n                <\\\/div><\\\/div>\",\"147\":\"<div class=\\\"ak-featured-video\\\"><div data-src=\\\"https:\\\/\\\/www.youtube.com\\\/watch?v=P8PMFbEWR0c\\\" data-type=\\\"youtube\\\" data-repeat=\\\"false\\\" data-autoplay=\\\"true\\\" class=\\\"ak-youtube-player clearfix\\\">\\n                    <div class=\\\"ak-video-container\\\"><\\\/div>\\n                <\\\/div><\\\/div>\",\"223\":\"<div class=\\\"ak-featured-video\\\"><div data-src=\\\"https:\\\/\\\/youtu.be\\\/mlBnBFSkDko\\\" data-type=\\\"youtube\\\" data-repeat=\\\"false\\\" data-autoplay=\\\"true\\\" class=\\\"ak-youtube-player clearfix\\\">\\n                    <div class=\\\"ak-video-container\\\"><\\\/div>\\n                <\\\/div><\\\/div>\",\"150\":\"<div class=\\\"ak-featured-video\\\"><div data-src=\\\"https:\\\/\\\/www.youtube.com\\\/watch?v=2DRqol_8hGo\\\" data-type=\\\"youtube\\\" data-repeat=\\\"false\\\" data-autoplay=\\\"true\\\" class=\\\"ak-youtube-player clearfix\\\">\\n                    <div class=\\\"ak-video-container\\\"><\\\/div>\\n                <\\\/div><\\\/div>\"}; <\/script>\n            <\/div><\/div>[\/vc_column][\/vc_row][vc_row][vc_column]<div class=\"ak-block ak-block-list-2-wide ak-block-column ak-block-width-4 clearfix \" id=\"block_69f348554373a_4\"><div class=\"ak-block-header ak-block-header-style-11 no-tabs\"><h4 class=\"ak-block-title\"><span class=\"title-text\"><span>Communiqu\u00e9s<\/span><\/span><\/h4><\/div><div class=\"ak-block-inner clearfix\"><div class=\"ak-block-posts clearfix\">\t\t<article class=\"ak-module ak-module-2-wide ak-column-module post-748 post type-post status-publish format-video has-post-thumbnail  category-uncategorized post_format-post-format-video ak-module-excerpt-hide  clearfix\">\n\t\t\t<div class=\"ak-module-inner clearfix\">\n\t\t\t\t<div class=\"ak-module-featured\">\n\t\t\t\t\t<div class=\"ak-module-badges\"><\/div><span class=\"ak-module-format-icon format-video\"><i class=\"ak-icon fa fa-play\"><\/i><\/span><div class=\"ak-featured-cover\"><a href=\"https:\/\/mojedec.org\/index.php\/2024\/08\/09\/article-type-video\/\" class=\"ak-featured-link\" rel=\"bookmark\" title=\"article type video\"><div class=\"ak-featured-thumb lazy-thumb size-500\" ><img width=\"360\" height=\"180\" src=\"data:image\/gif;base64,R0lGODlhAQABAAAAACH5BAEKAAEALAAAAAABAAEAAAICTAEAOw==\" class=\"attachment-newsy_360x180 size-newsy_360x180 lazyload wp-post-image\" alt=\"article type video\" decoding=\"async\" loading=\"lazy\" data-src=\"https:\/\/mojedec.org\/wp-content\/uploads\/2024\/08\/article-type-video-360x180.jpg\" data-sizes=\"auto\" data-srcset=\"\" data-expand=\"700\" \/><\/div><\/a><\/div><div class=\"ak-module-featured-meta\"> <div class=\"ak-module-view-count\"><i class=\"ak-icon  fa fa-eye\"><\/i><span class=\"count\">172<\/span><\/div><\/div>\t\t\t\t<\/div>\n\t\t\t\t<div class=\"ak-module-details\">\n\t\t\t\t\t<h3 class=\"ak-module-title\"><a href=\"https:\/\/mojedec.org\/index.php\/2024\/08\/09\/article-type-video\/\" rel=\"bookmark\" title=\"article type video\">article type video<\/a><\/h3><div class=\"ak-module-meta\"><div class=\"ak-module-time\"><a href=\"https:\/\/mojedec.org\/index.php\/2024\/08\/09\/article-type-video\/\" class=\"ak-module-meta-published\"><i class=\"ak-icon akfi-schedule\"><\/i>il y a 2 ans<\/a><\/div><\/div>\t\t\t\t<\/div>\n\t\t\t<\/div>\n\t\t<\/article>\n\t\t\t\t<article class=\"ak-module ak-module-2-wide ak-column-module post-351 post type-post status-publish format-gallery has-post-thumbnail  category-activite category-meeting post_format-post-format-gallery ak-module-excerpt-hide  clearfix\">\n\t\t\t<div class=\"ak-module-inner clearfix\">\n\t\t\t\t<div class=\"ak-module-featured\">\n\t\t\t\t\t<div class=\"ak-module-badges\"><\/div><span class=\"ak-module-format-icon format-gallery\"><i class=\"ak-icon fa fa-camera\"><\/i><\/span><div class=\"ak-featured-cover\"><a href=\"https:\/\/mojedec.org\/index.php\/2022\/12\/06\/organisation-du-dialogue-communautaire-sur-le-role-et-lapproche-du-reseau-martaba-a-madarounfa\/\" class=\"ak-featured-link\" rel=\"bookmark\" title=\"Organisation du dialogue communautaire sur le r\u00f4le et l&rsquo;approche du r\u00e9seau Martaba \u00e0 Madarounfa\"><div class=\"ak-featured-thumb lazy-thumb size-500\" ><img width=\"360\" height=\"180\" src=\"data:image\/gif;base64,R0lGODlhAQABAAAAACH5BAEKAAEALAAAAAABAAEAAAICTAEAOw==\" class=\"attachment-newsy_360x180 size-newsy_360x180 lazyload wp-post-image\" alt=\"Organisation du dialogue communautaire sur le r\u00f4le et l&rsquo;approche du r\u00e9seau Martaba \u00e0 Madarounfa\" decoding=\"async\" loading=\"lazy\" data-src=\"https:\/\/mojedec.org\/wp-content\/uploads\/2022\/12\/316965244_5981560788523648_5224141624981991970_n-360x180.jpg\" data-sizes=\"auto\" data-srcset=\"\" data-expand=\"700\" \/><\/div><\/a><\/div><div class=\"ak-module-featured-meta\"> <div class=\"ak-module-view-count\"><span style=\"color:#edaa02\"><i class=\"ak-icon  ak-fi akfi-fire\"><\/i><span class=\"count\">505<\/span><\/span><\/div><\/div>\t\t\t\t<\/div>\n\t\t\t\t<div class=\"ak-module-details\">\n\t\t\t\t\t<h3 class=\"ak-module-title\"><a href=\"https:\/\/mojedec.org\/index.php\/2022\/12\/06\/organisation-du-dialogue-communautaire-sur-le-role-et-lapproche-du-reseau-martaba-a-madarounfa\/\" rel=\"bookmark\" title=\"Organisation du dialogue communautaire sur le r\u00f4le et l&rsquo;approche du r\u00e9seau Martaba \u00e0 Madarounfa\">Organisation du dialogue communautaire sur le r\u00f4le et l&rsquo;approche du r\u00e9seau Martaba \u00e0 Madarounfa<\/a><\/h3><div class=\"ak-module-meta\"><div class=\"ak-module-time\"><a href=\"https:\/\/mojedec.org\/index.php\/2022\/12\/06\/organisation-du-dialogue-communautaire-sur-le-role-et-lapproche-du-reseau-martaba-a-madarounfa\/\" class=\"ak-module-meta-published\"><i class=\"ak-icon akfi-schedule\"><\/i>il y a 3 ans<\/a><\/div><\/div>\t\t\t\t<\/div>\n\t\t\t<\/div>\n\t\t<\/article>\n\t\t\t\t<article class=\"ak-module ak-module-2-wide ak-column-module post-345 post type-post status-publish format-gallery has-post-thumbnail  category-activite post_format-post-format-gallery ak-module-excerpt-hide  clearfix\">\n\t\t\t<div class=\"ak-module-inner clearfix\">\n\t\t\t\t<div class=\"ak-module-featured\">\n\t\t\t\t\t<div class=\"ak-module-badges\"><\/div><span class=\"ak-module-format-icon format-gallery\"><i class=\"ak-icon fa fa-camera\"><\/i><\/span><div class=\"ak-featured-cover\"><a href=\"https:\/\/mojedec.org\/index.php\/2022\/12\/06\/remise-de-machines-a-coudres-aux-femmes-du-reseau-martaba-de-madarounfa\/\" class=\"ak-featured-link\" rel=\"bookmark\" title=\"Remise de machines \u00e0 coudres aux femmes du r\u00e9seau Martaba de Madarounfa\"><div class=\"ak-featured-thumb lazy-thumb size-500\" ><img width=\"360\" height=\"180\" src=\"data:image\/gif;base64,R0lGODlhAQABAAAAACH5BAEKAAEALAAAAAABAAEAAAICTAEAOw==\" class=\"attachment-newsy_360x180 size-newsy_360x180 lazyload wp-post-image\" alt=\"Remise de machines \u00e0 coudres aux femmes du r\u00e9seau Martaba de Madarounfa\" decoding=\"async\" loading=\"lazy\" data-src=\"https:\/\/mojedec.org\/wp-content\/uploads\/2022\/12\/317548364_5993447287334998_5798241905772048838_n-360x180.jpg\" data-sizes=\"auto\" data-srcset=\"https:\/\/mojedec.org\/wp-content\/uploads\/2022\/12\/317548364_5993447287334998_5798241905772048838_n-360x180.jpg 360w, https:\/\/mojedec.org\/wp-content\/uploads\/2022\/12\/317548364_5993447287334998_5798241905772048838_n-750x375.jpg 750w\" data-expand=\"700\" \/><\/div><\/a><\/div><div class=\"ak-module-featured-meta\"> <div class=\"ak-module-view-count\"><i class=\"ak-icon  fa fa-eye\"><\/i><span class=\"count\">187<\/span><\/div><\/div>\t\t\t\t<\/div>\n\t\t\t\t<div class=\"ak-module-details\">\n\t\t\t\t\t<h3 class=\"ak-module-title\"><a href=\"https:\/\/mojedec.org\/index.php\/2022\/12\/06\/remise-de-machines-a-coudres-aux-femmes-du-reseau-martaba-de-madarounfa\/\" rel=\"bookmark\" title=\"Remise de machines \u00e0 coudres aux femmes du r\u00e9seau Martaba de Madarounfa\">Remise de machines \u00e0 coudres aux femmes du r\u00e9seau Martaba de Madarounfa<\/a><\/h3><div class=\"ak-module-meta\"><div class=\"ak-module-time\"><a href=\"https:\/\/mojedec.org\/index.php\/2022\/12\/06\/remise-de-machines-a-coudres-aux-femmes-du-reseau-martaba-de-madarounfa\/\" class=\"ak-module-meta-published\"><i class=\"ak-icon akfi-schedule\"><\/i>il y a 3 ans<\/a><\/div><\/div>\t\t\t\t<\/div>\n\t\t\t<\/div>\n\t\t<\/article>\n\t\t\t\t<article class=\"ak-module ak-module-2-wide ak-column-module post-339 post type-post status-publish format-gallery has-post-thumbnail  category-analyse category-communique category-diagnostic post_format-post-format-gallery ak-module-excerpt-hide  clearfix\">\n\t\t\t<div class=\"ak-module-inner clearfix\">\n\t\t\t\t<div class=\"ak-module-featured\">\n\t\t\t\t\t<div class=\"ak-module-badges\"><\/div><span class=\"ak-module-format-icon format-gallery\"><i class=\"ak-icon fa fa-camera\"><\/i><\/span><div class=\"ak-featured-cover\"><a href=\"https:\/\/mojedec.org\/index.php\/2022\/12\/06\/dialogue-communautaire-sur-le-role-et-lapproche-du-reseau-martaba-pour-engager-les-communautes-dans-la-prevention-et-la-gestion-des-defis-securitaires-locaux\/\" class=\"ak-featured-link\" rel=\"bookmark\" title=\"Dialogue communautaire sur le r\u00f4le et l&rsquo;approche du R\u00e9seau MARTABA pour engager les communaut\u00e9s dans la pr\u00e9vention et la gestion des d\u00e9fis s\u00e9curitaires locaux.\"><div class=\"ak-featured-thumb lazy-thumb size-500\" ><img width=\"360\" height=\"180\" src=\"data:image\/gif;base64,R0lGODlhAQABAAAAACH5BAEKAAEALAAAAAABAAEAAAICTAEAOw==\" class=\"attachment-newsy_360x180 size-newsy_360x180 lazyload wp-post-image\" alt=\"Dialogue communautaire sur le r\u00f4le et l&rsquo;approche du R\u00e9seau MARTABA pour engager les communaut\u00e9s dans la pr\u00e9vention et la gestion des d\u00e9fis s\u00e9curitaires locaux.\" decoding=\"async\" loading=\"lazy\" data-src=\"https:\/\/mojedec.org\/wp-content\/uploads\/2022\/12\/318295846_6004851626194564_1232935405344730762_n-360x180.jpg\" data-sizes=\"auto\" data-srcset=\"\" data-expand=\"700\" \/><\/div><\/a><\/div><div class=\"ak-module-featured-meta\"> <div class=\"ak-module-view-count\"><i class=\"ak-icon  fa fa-eye\"><\/i><span class=\"count\">169<\/span><\/div><\/div>\t\t\t\t<\/div>\n\t\t\t\t<div class=\"ak-module-details\">\n\t\t\t\t\t<h3 class=\"ak-module-title\"><a href=\"https:\/\/mojedec.org\/index.php\/2022\/12\/06\/dialogue-communautaire-sur-le-role-et-lapproche-du-reseau-martaba-pour-engager-les-communautes-dans-la-prevention-et-la-gestion-des-defis-securitaires-locaux\/\" rel=\"bookmark\" title=\"Dialogue communautaire sur le r\u00f4le et l&rsquo;approche du R\u00e9seau MARTABA pour engager les communaut\u00e9s dans la pr\u00e9vention et la gestion des d\u00e9fis s\u00e9curitaires locaux.\">Dialogue communautaire sur le r\u00f4le et l&rsquo;approche du R\u00e9seau MARTABA pour engager les communaut\u00e9s dans la pr\u00e9vention et la gestion des d\u00e9fis s\u00e9curitaires locaux.<\/a><\/h3><div class=\"ak-module-meta\"><div class=\"ak-module-time\"><a href=\"https:\/\/mojedec.org\/index.php\/2022\/12\/06\/dialogue-communautaire-sur-le-role-et-lapproche-du-reseau-martaba-pour-engager-les-communautes-dans-la-prevention-et-la-gestion-des-defis-securitaires-locaux\/\" class=\"ak-module-meta-published\"><i class=\"ak-icon akfi-schedule\"><\/i>il y a 3 ans<\/a><\/div><\/div>\t\t\t\t<\/div>\n\t\t\t<\/div>\n\t\t<\/article>\n\t\t<\/div><\/div><\/div><div class=\"ak-block ak-block-list-2-wide ak-block-column ak-block-width-4 clearfix \" id=\"block_69f348554373a_5\"><div class=\"ak-block-header ak-block-header-style-11 no-tabs\"><h4 class=\"ak-block-title\"><span class=\"title-text\"><span>Actions des jeunes<\/span><\/span><\/h4><\/div><div class=\"ak-block-inner clearfix\"><div class=\"ak-block-posts clearfix\">\t\t<article class=\"ak-module ak-module-2-wide ak-column-module post-218 post type-post status-publish format-video has-post-thumbnail  category-actions-de-jeunes category-activite category-communique category-interview category-featured post_format-post-format-video ak-module-excerpt-hide  clearfix\">\n\t\t\t<div class=\"ak-module-inner clearfix\">\n\t\t\t\t<div class=\"ak-module-featured\">\n\t\t\t\t\t<div class=\"ak-module-badges\"><\/div><span class=\"ak-module-format-icon format-video\"><i class=\"ak-icon fa fa-play\"><\/i><\/span><div class=\"ak-featured-cover\"><a href=\"https:\/\/mojedec.org\/index.php\/2022\/11\/30\/remerciement-du-representant-du-reseau-martaba-de-commune-alela\/\" class=\"ak-featured-link\" rel=\"bookmark\" title=\"Remerciement du repr\u00e9sentant du r\u00e9seau Martaba de Commune Alela\"><div class=\"ak-featured-thumb lazy-thumb size-500\" ><img width=\"360\" height=\"180\" src=\"data:image\/gif;base64,R0lGODlhAQABAAAAACH5BAEKAAEALAAAAAABAAEAAAICTAEAOw==\" class=\"attachment-newsy_360x180 size-newsy_360x180 lazyload wp-post-image\" alt=\"Remerciement du repr\u00e9sentant du r\u00e9seau Martaba de Commune Alela\" decoding=\"async\" loading=\"lazy\" data-src=\"https:\/\/mojedec.org\/wp-content\/uploads\/2022\/11\/remerciement-du-representant-du-reseau-martaba-de-commune-alela-360x180.jpg\" data-sizes=\"auto\" data-srcset=\"\" data-expand=\"700\" \/><\/div><\/a><\/div><div class=\"ak-module-featured-meta\"> <div class=\"ak-module-view-count\"><i class=\"ak-icon  fa fa-eye\"><\/i><span class=\"count\">145<\/span><\/div><\/div>\t\t\t\t<\/div>\n\t\t\t\t<div class=\"ak-module-details\">\n\t\t\t\t\t<h3 class=\"ak-module-title\"><a href=\"https:\/\/mojedec.org\/index.php\/2022\/11\/30\/remerciement-du-representant-du-reseau-martaba-de-commune-alela\/\" rel=\"bookmark\" title=\"Remerciement du repr\u00e9sentant du r\u00e9seau Martaba de Commune Alela\">Remerciement du repr\u00e9sentant du r\u00e9seau Martaba de Commune Alela<\/a><\/h3><div class=\"ak-module-meta\"><div class=\"ak-module-time\"><a href=\"https:\/\/mojedec.org\/index.php\/2022\/11\/30\/remerciement-du-representant-du-reseau-martaba-de-commune-alela\/\" class=\"ak-module-meta-published\"><i class=\"ak-icon akfi-schedule\"><\/i>il y a 3 ans<\/a><\/div><\/div>\t\t\t\t<\/div>\n\t\t\t<\/div>\n\t\t<\/article>\n\t\t\t\t<article class=\"ak-module ak-module-2-wide ak-column-module post-215 post type-post status-publish format-video has-post-thumbnail  category-actions-de-jeunes category-activite category-interview category-featured post_format-post-format-video ak-module-excerpt-hide  clearfix\">\n\t\t\t<div class=\"ak-module-inner clearfix\">\n\t\t\t\t<div class=\"ak-module-featured\">\n\t\t\t\t\t<div class=\"ak-module-badges\"><\/div><span class=\"ak-module-format-icon format-video\"><i class=\"ak-icon fa fa-play\"><\/i><\/span><div class=\"ak-featured-cover\"><a href=\"https:\/\/mojedec.org\/index.php\/2022\/11\/30\/remerciement-du-representant-du-reseau-martaba-de-commune-de-bazaga\/\" class=\"ak-featured-link\" rel=\"bookmark\" title=\"Remerciement du repr\u00e9sentant du r\u00e9seau Martaba de Commune de Bazaga\"><div class=\"ak-featured-thumb lazy-thumb size-500\" ><img width=\"360\" height=\"180\" src=\"data:image\/gif;base64,R0lGODlhAQABAAAAACH5BAEKAAEALAAAAAABAAEAAAICTAEAOw==\" class=\"attachment-newsy_360x180 size-newsy_360x180 lazyload wp-post-image\" alt=\"Remerciement du repr\u00e9sentant du r\u00e9seau Martaba de Commune de Bazaga\" decoding=\"async\" loading=\"lazy\" data-src=\"https:\/\/mojedec.org\/wp-content\/uploads\/2022\/11\/remerciement-du-representant-du-reseau-martaba-de-commune-de-bazaga-360x180.jpg\" data-sizes=\"auto\" data-srcset=\"\" data-expand=\"700\" \/><\/div><\/a><\/div><div class=\"ak-module-featured-meta\"> <div class=\"ak-module-view-count\"><i class=\"ak-icon  fa fa-eye\"><\/i><span class=\"count\">162<\/span><\/div><\/div>\t\t\t\t<\/div>\n\t\t\t\t<div class=\"ak-module-details\">\n\t\t\t\t\t<h3 class=\"ak-module-title\"><a href=\"https:\/\/mojedec.org\/index.php\/2022\/11\/30\/remerciement-du-representant-du-reseau-martaba-de-commune-de-bazaga\/\" rel=\"bookmark\" title=\"Remerciement du repr\u00e9sentant du r\u00e9seau Martaba de Commune de Bazaga\">Remerciement du repr\u00e9sentant du r\u00e9seau Martaba de Commune de Bazaga<\/a><\/h3><div class=\"ak-module-meta\"><div class=\"ak-module-time\"><a href=\"https:\/\/mojedec.org\/index.php\/2022\/11\/30\/remerciement-du-representant-du-reseau-martaba-de-commune-de-bazaga\/\" class=\"ak-module-meta-published\"><i class=\"ak-icon akfi-schedule\"><\/i>il y a 3 ans<\/a><\/div><\/div>\t\t\t\t<\/div>\n\t\t\t<\/div>\n\t\t<\/article>\n\t\t\t\t<article class=\"ak-module ak-module-2-wide ak-column-module post-211 post type-post status-publish format-video has-post-thumbnail  category-actions-de-jeunes category-activite category-communique category-interview category-featured post_format-post-format-video ak-module-excerpt-hide  clearfix\">\n\t\t\t<div class=\"ak-module-inner clearfix\">\n\t\t\t\t<div class=\"ak-module-featured\">\n\t\t\t\t\t<div class=\"ak-module-badges\"><\/div><span class=\"ak-module-format-icon format-video\"><i class=\"ak-icon fa fa-play\"><\/i><\/span><div class=\"ak-featured-cover\"><a href=\"https:\/\/mojedec.org\/index.php\/2022\/11\/30\/remerciement-du-membre-du-reseau-martaba-de-konni\/\" class=\"ak-featured-link\" rel=\"bookmark\" title=\"Remerciement du Membre du r\u00e9seau Martaba de Konni\"><div class=\"ak-featured-thumb lazy-thumb size-500\" ><img width=\"360\" height=\"180\" src=\"data:image\/gif;base64,R0lGODlhAQABAAAAACH5BAEKAAEALAAAAAABAAEAAAICTAEAOw==\" class=\"attachment-newsy_360x180 size-newsy_360x180 lazyload wp-post-image\" alt=\"Remerciement du Membre du r\u00e9seau Martaba de Konni\" decoding=\"async\" loading=\"lazy\" data-src=\"https:\/\/mojedec.org\/wp-content\/uploads\/2022\/11\/remerciement-du-membre-du-reseau-martaba-de-konni-360x180.jpg\" data-sizes=\"auto\" data-srcset=\"\" data-expand=\"700\" \/><\/div><\/a><\/div><div class=\"ak-module-featured-meta\"> <div class=\"ak-module-view-count\"><i class=\"ak-icon  fa fa-eye\"><\/i><span class=\"count\">223<\/span><\/div><\/div>\t\t\t\t<\/div>\n\t\t\t\t<div class=\"ak-module-details\">\n\t\t\t\t\t<h3 class=\"ak-module-title\"><a href=\"https:\/\/mojedec.org\/index.php\/2022\/11\/30\/remerciement-du-membre-du-reseau-martaba-de-konni\/\" rel=\"bookmark\" title=\"Remerciement du Membre du r\u00e9seau Martaba de Konni\">Remerciement du Membre du r\u00e9seau Martaba de Konni<\/a><\/h3><div class=\"ak-module-meta\"><div class=\"ak-module-time\"><a href=\"https:\/\/mojedec.org\/index.php\/2022\/11\/30\/remerciement-du-membre-du-reseau-martaba-de-konni\/\" class=\"ak-module-meta-published\"><i class=\"ak-icon akfi-schedule\"><\/i>il y a 3 ans<\/a><\/div><\/div>\t\t\t\t<\/div>\n\t\t\t<\/div>\n\t\t<\/article>\n\t\t\t\t<article class=\"ak-module ak-module-2-wide ak-column-module post-208 post type-post status-publish format-video has-post-thumbnail  category-actions-de-jeunes category-activite category-communique category-interview category-featured post_format-post-format-video ak-module-excerpt-hide  clearfix\">\n\t\t\t<div class=\"ak-module-inner clearfix\">\n\t\t\t\t<div class=\"ak-module-featured\">\n\t\t\t\t\t<div class=\"ak-module-badges\"><\/div><span class=\"ak-module-format-icon format-video\"><i class=\"ak-icon fa fa-play\"><\/i><\/span><div class=\"ak-featured-cover\"><a href=\"https:\/\/mojedec.org\/index.php\/2022\/11\/30\/remerciement-du-representant-du-reseau-martaba-de-commune-iii-maradi\/\" class=\"ak-featured-link\" rel=\"bookmark\" title=\"Remerciement du repr\u00e9sentant du r\u00e9seau Martaba de Commune III Maradi\"><div class=\"ak-featured-thumb lazy-thumb size-500\" ><img width=\"360\" height=\"180\" src=\"data:image\/gif;base64,R0lGODlhAQABAAAAACH5BAEKAAEALAAAAAABAAEAAAICTAEAOw==\" class=\"attachment-newsy_360x180 size-newsy_360x180 lazyload wp-post-image\" alt=\"Remerciement du repr\u00e9sentant du r\u00e9seau Martaba de Commune III Maradi\" decoding=\"async\" loading=\"lazy\" data-src=\"https:\/\/mojedec.org\/wp-content\/uploads\/2022\/11\/remerciement-du-representant-du-reseau-martaba-de-commune-iii-maradi-360x180.jpg\" data-sizes=\"auto\" data-srcset=\"\" data-expand=\"700\" \/><\/div><\/a><\/div><div class=\"ak-module-featured-meta\"> <div class=\"ak-module-view-count\"><i class=\"ak-icon  fa fa-eye\"><\/i><span class=\"count\">169<\/span><\/div><\/div>\t\t\t\t<\/div>\n\t\t\t\t<div class=\"ak-module-details\">\n\t\t\t\t\t<h3 class=\"ak-module-title\"><a href=\"https:\/\/mojedec.org\/index.php\/2022\/11\/30\/remerciement-du-representant-du-reseau-martaba-de-commune-iii-maradi\/\" rel=\"bookmark\" title=\"Remerciement du repr\u00e9sentant du r\u00e9seau Martaba de Commune III Maradi\">Remerciement du repr\u00e9sentant du r\u00e9seau Martaba de Commune III Maradi<\/a><\/h3><div class=\"ak-module-meta\"><div class=\"ak-module-time\"><a href=\"https:\/\/mojedec.org\/index.php\/2022\/11\/30\/remerciement-du-representant-du-reseau-martaba-de-commune-iii-maradi\/\" class=\"ak-module-meta-published\"><i class=\"ak-icon akfi-schedule\"><\/i>il y a 3 ans<\/a><\/div><\/div>\t\t\t\t<\/div>\n\t\t\t<\/div>\n\t\t<\/article>\n\t\t<\/div><\/div><\/div>[\/vc_column][\/vc_row][vc_row][vc_column]<div class=\"ak-block ak-block-list-2-wide ak-block-column ak-block-width-4 clearfix \" id=\"block_69f348554373a_6\"><div class=\"ak-block-header ak-block-header-style-11 no-tabs\"><h4 class=\"ak-block-title\"><span class=\"title-text\"><span>Meetings<\/span><\/span><\/h4><\/div><div class=\"ak-block-inner clearfix\"><div class=\"ak-block-posts clearfix\">\t\t<article class=\"ak-module ak-module-2-wide ak-column-module post-351 post type-post status-publish format-gallery has-post-thumbnail  category-activite category-meeting post_format-post-format-gallery ak-module-excerpt-hide  clearfix\">\n\t\t\t<div class=\"ak-module-inner clearfix\">\n\t\t\t\t<div class=\"ak-module-featured\">\n\t\t\t\t\t<div class=\"ak-module-badges\"><\/div><span class=\"ak-module-format-icon format-gallery\"><i class=\"ak-icon fa fa-camera\"><\/i><\/span><div class=\"ak-featured-cover\"><a href=\"https:\/\/mojedec.org\/index.php\/2022\/12\/06\/organisation-du-dialogue-communautaire-sur-le-role-et-lapproche-du-reseau-martaba-a-madarounfa\/\" class=\"ak-featured-link\" rel=\"bookmark\" title=\"Organisation du dialogue communautaire sur le r\u00f4le et l&rsquo;approche du r\u00e9seau Martaba \u00e0 Madarounfa\"><div class=\"ak-featured-thumb lazy-thumb size-500\" ><img width=\"360\" height=\"180\" src=\"data:image\/gif;base64,R0lGODlhAQABAAAAACH5BAEKAAEALAAAAAABAAEAAAICTAEAOw==\" class=\"attachment-newsy_360x180 size-newsy_360x180 lazyload wp-post-image\" alt=\"Organisation du dialogue communautaire sur le r\u00f4le et l&rsquo;approche du r\u00e9seau Martaba \u00e0 Madarounfa\" decoding=\"async\" loading=\"lazy\" data-src=\"https:\/\/mojedec.org\/wp-content\/uploads\/2022\/12\/316965244_5981560788523648_5224141624981991970_n-360x180.jpg\" data-sizes=\"auto\" data-srcset=\"\" data-expand=\"700\" \/><\/div><\/a><\/div><div class=\"ak-module-featured-meta\"> <div class=\"ak-module-view-count\"><span style=\"color:#edaa02\"><i class=\"ak-icon  ak-fi akfi-fire\"><\/i><span class=\"count\">505<\/span><\/span><\/div><\/div>\t\t\t\t<\/div>\n\t\t\t\t<div class=\"ak-module-details\">\n\t\t\t\t\t<h3 class=\"ak-module-title\"><a href=\"https:\/\/mojedec.org\/index.php\/2022\/12\/06\/organisation-du-dialogue-communautaire-sur-le-role-et-lapproche-du-reseau-martaba-a-madarounfa\/\" rel=\"bookmark\" title=\"Organisation du dialogue communautaire sur le r\u00f4le et l&rsquo;approche du r\u00e9seau Martaba \u00e0 Madarounfa\">Organisation du dialogue communautaire sur le r\u00f4le et l&rsquo;approche du r\u00e9seau Martaba \u00e0 Madarounfa<\/a><\/h3><div class=\"ak-module-meta\"><div class=\"ak-module-time\"><a href=\"https:\/\/mojedec.org\/index.php\/2022\/12\/06\/organisation-du-dialogue-communautaire-sur-le-role-et-lapproche-du-reseau-martaba-a-madarounfa\/\" class=\"ak-module-meta-published\"><i class=\"ak-icon akfi-schedule\"><\/i>il y a 3 ans<\/a><\/div><\/div>\t\t\t\t<\/div>\n\t\t\t<\/div>\n\t\t<\/article>\n\t\t\t\t<article class=\"ak-module ak-module-2-wide ak-column-module post-245 post type-post status-publish format-video has-post-thumbnail  category-analyse category-communique category-diagnostic category-meeting post_format-post-format-video ak-module-excerpt-hide  clearfix\">\n\t\t\t<div class=\"ak-module-inner clearfix\">\n\t\t\t\t<div class=\"ak-module-featured\">\n\t\t\t\t\t<div class=\"ak-module-badges\"><\/div><span class=\"ak-module-format-icon format-video\"><i class=\"ak-icon fa fa-play\"><\/i><\/span><div class=\"ak-featured-cover\"><a href=\"https:\/\/mojedec.org\/index.php\/2022\/11\/30\/la-responsabilite-du-mojedec\/\" class=\"ak-featured-link\" rel=\"bookmark\" title=\"R\u00f4le et responsabilit\u00e9 du MOJEDEC dans le cadre du programme PEV-RC\"><div class=\"ak-featured-thumb lazy-thumb size-500\" ><img width=\"360\" height=\"180\" src=\"data:image\/gif;base64,R0lGODlhAQABAAAAACH5BAEKAAEALAAAAAABAAEAAAICTAEAOw==\" class=\"attachment-newsy_360x180 size-newsy_360x180 lazyload wp-post-image\" alt=\"R\u00f4le et responsabilit\u00e9 du MOJEDEC dans le cadre du programme PEV-RC\" decoding=\"async\" loading=\"lazy\" data-src=\"https:\/\/mojedec.org\/wp-content\/uploads\/2022\/11\/la-responsabilite-de-la-mojedec-360x180.jpg\" data-sizes=\"auto\" data-srcset=\"\" data-expand=\"700\" \/><\/div><\/a><\/div><div class=\"ak-module-featured-meta\"> <div class=\"ak-module-view-count\"><i class=\"ak-icon  fa fa-eye\"><\/i><span class=\"count\">169<\/span><\/div><\/div>\t\t\t\t<\/div>\n\t\t\t\t<div class=\"ak-module-details\">\n\t\t\t\t\t<h3 class=\"ak-module-title\"><a href=\"https:\/\/mojedec.org\/index.php\/2022\/11\/30\/la-responsabilite-du-mojedec\/\" rel=\"bookmark\" title=\"R\u00f4le et responsabilit\u00e9 du MOJEDEC dans le cadre du programme PEV-RC\">R\u00f4le et responsabilit\u00e9 du MOJEDEC dans le cadre du programme PEV-RC<\/a><\/h3><div class=\"ak-module-meta\"><div class=\"ak-module-time\"><a href=\"https:\/\/mojedec.org\/index.php\/2022\/11\/30\/la-responsabilite-du-mojedec\/\" class=\"ak-module-meta-published\"><i class=\"ak-icon akfi-schedule\"><\/i>il y a 3 ans<\/a><\/div><\/div>\t\t\t\t<\/div>\n\t\t\t<\/div>\n\t\t<\/article>\n\t\t\t\t<article class=\"ak-module ak-module-2-wide ak-column-module post-239 post type-post status-publish format-video has-post-thumbnail  category-analyse category-diagnostic category-meeting post_format-post-format-video ak-module-excerpt-hide  clearfix\">\n\t\t\t<div class=\"ak-module-inner clearfix\">\n\t\t\t\t<div class=\"ak-module-featured\">\n\t\t\t\t\t<div class=\"ak-module-badges\"><\/div><span class=\"ak-module-format-icon format-video\"><i class=\"ak-icon fa fa-play\"><\/i><\/span><div class=\"ak-featured-cover\"><a href=\"https:\/\/mojedec.org\/index.php\/2022\/11\/30\/philosophie-du-mojedec\/\" class=\"ak-featured-link\" rel=\"bookmark\" title=\"Approche du MOJEDEC dans le cadre du programme PEV-RC\"><div class=\"ak-featured-thumb lazy-thumb size-500\" ><img width=\"360\" height=\"180\" src=\"data:image\/gif;base64,R0lGODlhAQABAAAAACH5BAEKAAEALAAAAAABAAEAAAICTAEAOw==\" class=\"attachment-newsy_360x180 size-newsy_360x180 lazyload wp-post-image\" alt=\"Approche du MOJEDEC dans le cadre du programme PEV-RC\" decoding=\"async\" loading=\"lazy\" data-src=\"https:\/\/mojedec.org\/wp-content\/uploads\/2022\/11\/philosophie-de-la-mojedec-360x180.jpg\" data-sizes=\"auto\" data-srcset=\"\" data-expand=\"700\" \/><\/div><\/a><\/div><div class=\"ak-module-featured-meta\"> <div class=\"ak-module-view-count\"><i class=\"ak-icon  fa fa-eye\"><\/i><span class=\"count\">167<\/span><\/div><\/div>\t\t\t\t<\/div>\n\t\t\t\t<div class=\"ak-module-details\">\n\t\t\t\t\t<h3 class=\"ak-module-title\"><a href=\"https:\/\/mojedec.org\/index.php\/2022\/11\/30\/philosophie-du-mojedec\/\" rel=\"bookmark\" title=\"Approche du MOJEDEC dans le cadre du programme PEV-RC\">Approche du MOJEDEC dans le cadre du programme PEV-RC<\/a><\/h3><div class=\"ak-module-meta\"><div class=\"ak-module-time\"><a href=\"https:\/\/mojedec.org\/index.php\/2022\/11\/30\/philosophie-du-mojedec\/\" class=\"ak-module-meta-published\"><i class=\"ak-icon akfi-schedule\"><\/i>il y a 3 ans<\/a><\/div><\/div>\t\t\t\t<\/div>\n\t\t\t<\/div>\n\t\t<\/article>\n\t\t\t\t<article class=\"ak-module ak-module-2-wide ak-column-module post-235 post type-post status-publish format-video has-post-thumbnail  category-analyse category-communique category-diagnostic category-meeting post_format-post-format-video ak-module-excerpt-hide  clearfix\">\n\t\t\t<div class=\"ak-module-inner clearfix\">\n\t\t\t\t<div class=\"ak-module-featured\">\n\t\t\t\t\t<div class=\"ak-module-badges\"><\/div><span class=\"ak-module-format-icon format-video\"><i class=\"ak-icon fa fa-play\"><\/i><\/span><div class=\"ak-featured-cover\"><a href=\"https:\/\/mojedec.org\/index.php\/2022\/11\/30\/les-trois-leviers-pour-combattre-lextremisme-violant\/\" class=\"ak-featured-link\" rel=\"bookmark\" title=\"Les trois leviers pour combattre l&rsquo;extr\u00e9misme violant\"><div class=\"ak-featured-thumb lazy-thumb size-500\" ><img width=\"360\" height=\"180\" src=\"data:image\/gif;base64,R0lGODlhAQABAAAAACH5BAEKAAEALAAAAAABAAEAAAICTAEAOw==\" class=\"attachment-newsy_360x180 size-newsy_360x180 lazyload wp-post-image\" alt=\"Les trois leviers pour combattre l&rsquo;extr\u00e9misme violant\" decoding=\"async\" loading=\"lazy\" data-src=\"https:\/\/mojedec.org\/wp-content\/uploads\/2022\/11\/les-trois-leviers-pour-combattre-lextremisme-violant-360x180.jpg\" data-sizes=\"auto\" data-srcset=\"\" data-expand=\"700\" \/><\/div><\/a><\/div><div class=\"ak-module-featured-meta\"> <div class=\"ak-module-view-count\"><i class=\"ak-icon  fa fa-eye\"><\/i><span class=\"count\">258<\/span><\/div><\/div>\t\t\t\t<\/div>\n\t\t\t\t<div class=\"ak-module-details\">\n\t\t\t\t\t<h3 class=\"ak-module-title\"><a href=\"https:\/\/mojedec.org\/index.php\/2022\/11\/30\/les-trois-leviers-pour-combattre-lextremisme-violant\/\" rel=\"bookmark\" title=\"Les trois leviers pour combattre l&rsquo;extr\u00e9misme violant\">Les trois leviers pour combattre l&rsquo;extr\u00e9misme violant<\/a><\/h3><div class=\"ak-module-meta\"><div class=\"ak-module-time\"><a href=\"https:\/\/mojedec.org\/index.php\/2022\/11\/30\/les-trois-leviers-pour-combattre-lextremisme-violant\/\" class=\"ak-module-meta-published\"><i class=\"ak-icon akfi-schedule\"><\/i>il y a 3 ans<\/a><\/div><\/div>\t\t\t\t<\/div>\n\t\t\t<\/div>\n\t\t<\/article>\n\t\t<\/div><\/div><\/div><div class=\"ak-block ak-block-list-2-wide ak-block-column ak-block-width-4 clearfix \" id=\"block_69f348554373a_7\"><div class=\"ak-block-header ak-block-header-style-11 no-tabs\"><h4 class=\"ak-block-title\"><span class=\"title-text\"><span>Diagnostics<\/span><\/span><\/h4><\/div><div class=\"ak-block-inner clearfix\"><div class=\"ak-block-posts clearfix\">\t\t<article class=\"ak-module ak-module-2-wide ak-column-module post-339 post type-post status-publish format-gallery has-post-thumbnail  category-analyse category-communique category-diagnostic post_format-post-format-gallery ak-module-excerpt-hide  clearfix\">\n\t\t\t<div class=\"ak-module-inner clearfix\">\n\t\t\t\t<div class=\"ak-module-featured\">\n\t\t\t\t\t<div class=\"ak-module-badges\"><\/div><span class=\"ak-module-format-icon format-gallery\"><i class=\"ak-icon fa fa-camera\"><\/i><\/span><div class=\"ak-featured-cover\"><a href=\"https:\/\/mojedec.org\/index.php\/2022\/12\/06\/dialogue-communautaire-sur-le-role-et-lapproche-du-reseau-martaba-pour-engager-les-communautes-dans-la-prevention-et-la-gestion-des-defis-securitaires-locaux\/\" class=\"ak-featured-link\" rel=\"bookmark\" title=\"Dialogue communautaire sur le r\u00f4le et l&rsquo;approche du R\u00e9seau MARTABA pour engager les communaut\u00e9s dans la pr\u00e9vention et la gestion des d\u00e9fis s\u00e9curitaires locaux.\"><div class=\"ak-featured-thumb lazy-thumb size-500\" ><img width=\"360\" height=\"180\" src=\"data:image\/gif;base64,R0lGODlhAQABAAAAACH5BAEKAAEALAAAAAABAAEAAAICTAEAOw==\" class=\"attachment-newsy_360x180 size-newsy_360x180 lazyload wp-post-image\" alt=\"Dialogue communautaire sur le r\u00f4le et l&rsquo;approche du R\u00e9seau MARTABA pour engager les communaut\u00e9s dans la pr\u00e9vention et la gestion des d\u00e9fis s\u00e9curitaires locaux.\" decoding=\"async\" loading=\"lazy\" data-src=\"https:\/\/mojedec.org\/wp-content\/uploads\/2022\/12\/318295846_6004851626194564_1232935405344730762_n-360x180.jpg\" data-sizes=\"auto\" data-srcset=\"\" data-expand=\"700\" \/><\/div><\/a><\/div><div class=\"ak-module-featured-meta\"> <div class=\"ak-module-view-count\"><i class=\"ak-icon  fa fa-eye\"><\/i><span class=\"count\">169<\/span><\/div><\/div>\t\t\t\t<\/div>\n\t\t\t\t<div class=\"ak-module-details\">\n\t\t\t\t\t<h3 class=\"ak-module-title\"><a href=\"https:\/\/mojedec.org\/index.php\/2022\/12\/06\/dialogue-communautaire-sur-le-role-et-lapproche-du-reseau-martaba-pour-engager-les-communautes-dans-la-prevention-et-la-gestion-des-defis-securitaires-locaux\/\" rel=\"bookmark\" title=\"Dialogue communautaire sur le r\u00f4le et l&rsquo;approche du R\u00e9seau MARTABA pour engager les communaut\u00e9s dans la pr\u00e9vention et la gestion des d\u00e9fis s\u00e9curitaires locaux.\">Dialogue communautaire sur le r\u00f4le et l&rsquo;approche du R\u00e9seau MARTABA pour engager les communaut\u00e9s dans la pr\u00e9vention et la gestion des d\u00e9fis s\u00e9curitaires locaux.<\/a><\/h3><div class=\"ak-module-meta\"><div class=\"ak-module-time\"><a href=\"https:\/\/mojedec.org\/index.php\/2022\/12\/06\/dialogue-communautaire-sur-le-role-et-lapproche-du-reseau-martaba-pour-engager-les-communautes-dans-la-prevention-et-la-gestion-des-defis-securitaires-locaux\/\" class=\"ak-module-meta-published\"><i class=\"ak-icon akfi-schedule\"><\/i>il y a 3 ans<\/a><\/div><\/div>\t\t\t\t<\/div>\n\t\t\t<\/div>\n\t\t<\/article>\n\t\t\t\t<article class=\"ak-module ak-module-2-wide ak-column-module post-245 post type-post status-publish format-video has-post-thumbnail  category-analyse category-communique category-diagnostic category-meeting post_format-post-format-video ak-module-excerpt-hide  clearfix\">\n\t\t\t<div class=\"ak-module-inner clearfix\">\n\t\t\t\t<div class=\"ak-module-featured\">\n\t\t\t\t\t<div class=\"ak-module-badges\"><\/div><span class=\"ak-module-format-icon format-video\"><i class=\"ak-icon fa fa-play\"><\/i><\/span><div class=\"ak-featured-cover\"><a href=\"https:\/\/mojedec.org\/index.php\/2022\/11\/30\/la-responsabilite-du-mojedec\/\" class=\"ak-featured-link\" rel=\"bookmark\" title=\"R\u00f4le et responsabilit\u00e9 du MOJEDEC dans le cadre du programme PEV-RC\"><div class=\"ak-featured-thumb lazy-thumb size-500\" ><img width=\"360\" height=\"180\" src=\"data:image\/gif;base64,R0lGODlhAQABAAAAACH5BAEKAAEALAAAAAABAAEAAAICTAEAOw==\" class=\"attachment-newsy_360x180 size-newsy_360x180 lazyload wp-post-image\" alt=\"R\u00f4le et responsabilit\u00e9 du MOJEDEC dans le cadre du programme PEV-RC\" decoding=\"async\" loading=\"lazy\" data-src=\"https:\/\/mojedec.org\/wp-content\/uploads\/2022\/11\/la-responsabilite-de-la-mojedec-360x180.jpg\" data-sizes=\"auto\" data-srcset=\"\" data-expand=\"700\" \/><\/div><\/a><\/div><div class=\"ak-module-featured-meta\"> <div class=\"ak-module-view-count\"><i class=\"ak-icon  fa fa-eye\"><\/i><span class=\"count\">169<\/span><\/div><\/div>\t\t\t\t<\/div>\n\t\t\t\t<div class=\"ak-module-details\">\n\t\t\t\t\t<h3 class=\"ak-module-title\"><a href=\"https:\/\/mojedec.org\/index.php\/2022\/11\/30\/la-responsabilite-du-mojedec\/\" rel=\"bookmark\" title=\"R\u00f4le et responsabilit\u00e9 du MOJEDEC dans le cadre du programme PEV-RC\">R\u00f4le et responsabilit\u00e9 du MOJEDEC dans le cadre du programme PEV-RC<\/a><\/h3><div class=\"ak-module-meta\"><div class=\"ak-module-time\"><a href=\"https:\/\/mojedec.org\/index.php\/2022\/11\/30\/la-responsabilite-du-mojedec\/\" class=\"ak-module-meta-published\"><i class=\"ak-icon akfi-schedule\"><\/i>il y a 3 ans<\/a><\/div><\/div>\t\t\t\t<\/div>\n\t\t\t<\/div>\n\t\t<\/article>\n\t\t\t\t<article class=\"ak-module ak-module-2-wide ak-column-module post-239 post type-post status-publish format-video has-post-thumbnail  category-analyse category-diagnostic category-meeting post_format-post-format-video ak-module-excerpt-hide  clearfix\">\n\t\t\t<div class=\"ak-module-inner clearfix\">\n\t\t\t\t<div class=\"ak-module-featured\">\n\t\t\t\t\t<div class=\"ak-module-badges\"><\/div><span class=\"ak-module-format-icon format-video\"><i class=\"ak-icon fa fa-play\"><\/i><\/span><div class=\"ak-featured-cover\"><a href=\"https:\/\/mojedec.org\/index.php\/2022\/11\/30\/philosophie-du-mojedec\/\" class=\"ak-featured-link\" rel=\"bookmark\" title=\"Approche du MOJEDEC dans le cadre du programme PEV-RC\"><div class=\"ak-featured-thumb lazy-thumb size-500\" ><img width=\"360\" height=\"180\" src=\"data:image\/gif;base64,R0lGODlhAQABAAAAACH5BAEKAAEALAAAAAABAAEAAAICTAEAOw==\" class=\"attachment-newsy_360x180 size-newsy_360x180 lazyload wp-post-image\" alt=\"Approche du MOJEDEC dans le cadre du programme PEV-RC\" decoding=\"async\" loading=\"lazy\" data-src=\"https:\/\/mojedec.org\/wp-content\/uploads\/2022\/11\/philosophie-de-la-mojedec-360x180.jpg\" data-sizes=\"auto\" data-srcset=\"\" data-expand=\"700\" \/><\/div><\/a><\/div><div class=\"ak-module-featured-meta\"> <div class=\"ak-module-view-count\"><i class=\"ak-icon  fa fa-eye\"><\/i><span class=\"count\">167<\/span><\/div><\/div>\t\t\t\t<\/div>\n\t\t\t\t<div class=\"ak-module-details\">\n\t\t\t\t\t<h3 class=\"ak-module-title\"><a href=\"https:\/\/mojedec.org\/index.php\/2022\/11\/30\/philosophie-du-mojedec\/\" rel=\"bookmark\" title=\"Approche du MOJEDEC dans le cadre du programme PEV-RC\">Approche du MOJEDEC dans le cadre du programme PEV-RC<\/a><\/h3><div class=\"ak-module-meta\"><div class=\"ak-module-time\"><a href=\"https:\/\/mojedec.org\/index.php\/2022\/11\/30\/philosophie-du-mojedec\/\" class=\"ak-module-meta-published\"><i class=\"ak-icon akfi-schedule\"><\/i>il y a 3 ans<\/a><\/div><\/div>\t\t\t\t<\/div>\n\t\t\t<\/div>\n\t\t<\/article>\n\t\t\t\t<article class=\"ak-module ak-module-2-wide ak-column-module post-235 post type-post status-publish format-video has-post-thumbnail  category-analyse category-communique category-diagnostic category-meeting post_format-post-format-video ak-module-excerpt-hide  clearfix\">\n\t\t\t<div class=\"ak-module-inner clearfix\">\n\t\t\t\t<div class=\"ak-module-featured\">\n\t\t\t\t\t<div class=\"ak-module-badges\"><\/div><span class=\"ak-module-format-icon format-video\"><i class=\"ak-icon fa fa-play\"><\/i><\/span><div class=\"ak-featured-cover\"><a href=\"https:\/\/mojedec.org\/index.php\/2022\/11\/30\/les-trois-leviers-pour-combattre-lextremisme-violant\/\" class=\"ak-featured-link\" rel=\"bookmark\" title=\"Les trois leviers pour combattre l&rsquo;extr\u00e9misme violant\"><div class=\"ak-featured-thumb lazy-thumb size-500\" ><img width=\"360\" height=\"180\" src=\"data:image\/gif;base64,R0lGODlhAQABAAAAACH5BAEKAAEALAAAAAABAAEAAAICTAEAOw==\" class=\"attachment-newsy_360x180 size-newsy_360x180 lazyload wp-post-image\" alt=\"Les trois leviers pour combattre l&rsquo;extr\u00e9misme violant\" decoding=\"async\" loading=\"lazy\" data-src=\"https:\/\/mojedec.org\/wp-content\/uploads\/2022\/11\/les-trois-leviers-pour-combattre-lextremisme-violant-360x180.jpg\" data-sizes=\"auto\" data-srcset=\"\" data-expand=\"700\" \/><\/div><\/a><\/div><div class=\"ak-module-featured-meta\"> <div class=\"ak-module-view-count\"><i class=\"ak-icon  fa fa-eye\"><\/i><span class=\"count\">258<\/span><\/div><\/div>\t\t\t\t<\/div>\n\t\t\t\t<div class=\"ak-module-details\">\n\t\t\t\t\t<h3 class=\"ak-module-title\"><a href=\"https:\/\/mojedec.org\/index.php\/2022\/11\/30\/les-trois-leviers-pour-combattre-lextremisme-violant\/\" rel=\"bookmark\" title=\"Les trois leviers pour combattre l&rsquo;extr\u00e9misme violant\">Les trois leviers pour combattre l&rsquo;extr\u00e9misme violant<\/a><\/h3><div class=\"ak-module-meta\"><div class=\"ak-module-time\"><a href=\"https:\/\/mojedec.org\/index.php\/2022\/11\/30\/les-trois-leviers-pour-combattre-lextremisme-violant\/\" class=\"ak-module-meta-published\"><i class=\"ak-icon akfi-schedule\"><\/i>il y a 3 ans<\/a><\/div><\/div>\t\t\t\t<\/div>\n\t\t\t<\/div>\n\t\t<\/article>\n\t\t<\/div><\/div><\/div>[\/vc_column][\/vc_row][vc_row][vc_column width=\u00a0\u00bb1\/3&Prime;][\/vc_column][vc_column width=\u00a0\u00bb1\/3&Prime;][\/vc_column][vc_column width=\u00a0\u00bb1\/3&Prime;][\/vc_column][\/vc_row]<\/p>\n","protected":false},"excerpt":{"rendered":"<p>[vc_row full_width=\u00a0\u00bbstretch_row\u00a0\u00bb css=\u00a0\u00bb.vc_custom_1576849823951{margin-top: -30px !important;background-color: rgba(0,0,0,0.05) !important;*background-color: rgb(0,0,0) !important;}\u00a0\u00bb][vc_column][vc_single_image image=\u00a0\u00bb907&Prime; img_size=\u00a0\u00bbfull\u00a0\u00bb alignment=\u00a0\u00bbcenter\u00a0\u00bb onclick=\u00a0\u00bbcustom_link\u00a0\u00bb img_link_target=\u00a0\u00bb_blank\u00a0\u00bb title=\u00a0\u00bbPublicit\u00e9\u00a0\u00bb link=\u00a0\u00bbhttps:\/\/nigerannonce.com\/\u00a0\u00bb][\/vc_column][\/vc_row][vc_row full_width=\u00a0\u00bbstretch_row\u00a0\u00bb css=\u00a0\u00bb.vc_custom_1562074348580{padding-top: 10px !important;padding-bottom: 10px !important;}\u00a0\u00bb][vc_column][\/vc_column][\/vc_row][vc_row full_width=\u00a0\u00bbstretch_row\u00a0\u00bb css=\u00a0\u00bb.vc_custom_1576849816396{background-color: rgba(0,0,0,0.05) !important;*background-color: rgb(0,0,0) !important;}\u00a0\u00bb][vc_column][\/vc_column][\/vc_row][vc_row][vc_column][\/vc_column][\/vc_row][vc_row][vc_column][\/vc_column][\/vc_row][vc_row][vc_column width=\u00a0\u00bb1\/3&Prime;][\/vc_column][vc_column width=\u00a0\u00bb1\/3&Prime;][\/vc_column][vc_column width=\u00a0\u00bb1\/3&Prime;][\/vc_column][\/vc_row]<\/p>\n","protected":false},"author":1,"featured_media":0,"parent":0,"menu_order":0,"comment_status":"closed","ping_status":"closed","template":"page-builder.php","meta":{"om_disable_all_campaigns":false,"_mi_skip_tracking":false},"aioseo_notices":[],"_links":{"self":[{"href":"https:\/\/mojedec.org\/index.php\/wp-json\/wp\/v2\/pages\/100"}],"collection":[{"href":"https:\/\/mojedec.org\/index.php\/wp-json\/wp\/v2\/pages"}],"about":[{"href":"https:\/\/mojedec.org\/index.php\/wp-json\/wp\/v2\/types\/page"}],"author":[{"embeddable":true,"href":"https:\/\/mojedec.org\/index.php\/wp-json\/wp\/v2\/users\/1"}],"replies":[{"embeddable":true,"href":"https:\/\/mojedec.org\/index.php\/wp-json\/wp\/v2\/comments?post=100"}],"version-history":[{"count":17,"href":"https:\/\/mojedec.org\/index.php\/wp-json\/wp\/v2\/pages\/100\/revisions"}],"predecessor-version":[{"id":909,"href":"https:\/\/mojedec.org\/index.php\/wp-json\/wp\/v2\/pages\/100\/revisions\/909"}],"wp:attachment":[{"href":"https:\/\/mojedec.org\/index.php\/wp-json\/wp\/v2\/media?parent=100"}],"curies":[{"name":"wp","href":"https:\/\/api.w.org\/{rel}","templated":true}]}}